{"id":5337,"date":"2026-01-01T23:44:56","date_gmt":"2026-01-01T22:44:56","guid":{"rendered":"https:\/\/raulavellaneda.de\/?page_id=5337"},"modified":"2026-01-02T20:29:38","modified_gmt":"2026-01-02T19:29:38","slug":"das-unbefleckte-empfaengnis","status":"publish","type":"page","link":"https:\/\/raulavellaneda.de\/?page_id=5337","title":{"rendered":"Das unbefleckte Empf\u00e4ngnis"},"content":{"rendered":"\n<div style=\"height:100px\" aria-hidden=\"true\" class=\"wp-block-spacer\"><\/div>\n\n\n<div class=\"wp-block-image\">\n<figure class=\"aligncenter size-full\"><img loading=\"lazy\" decoding=\"async\" width=\"900\" height=\"593\" src=\"https:\/\/raulavellaneda.de\/wp-content\/uploads\/web-000a.jpg\" alt=\"\" class=\"wp-image-5340\" srcset=\"https:\/\/raulavellaneda.de\/wp-content\/uploads\/web-000a.jpg 900w, https:\/\/raulavellaneda.de\/wp-content\/uploads\/web-000a-300x198.jpg 300w, https:\/\/raulavellaneda.de\/wp-content\/uploads\/web-000a-768x506.jpg 768w\" sizes=\"auto, (max-width: 709px) 85vw, (max-width: 909px) 67vw, (max-width: 1362px) 62vw, 840px\" \/><figcaption class=\"wp-element-caption\">Central Friedhof in Lima<\/figcaption><\/figure>\n<\/div>\n\n\n<div style=\"height:20px\" aria-hidden=\"true\" class=\"wp-block-spacer\"><\/div>\n\n\n\n<p>In Lima werden aufgrund der Volksreligiosit\u00e4t und des Aberglaubens Statuen und heilige Bilder auf Friedh\u00f6fen auf den D\u00e4chern von Grabnischen \u201ebegraben\u201c, da die Vorstellung von Ketzerei, Bestrafung und Angst in der sozialen Vorstellungswelt latent vorhanden ist. Auf diese Weise befinden sich diese Bilder an einer Schwelle: weder auf der Erde noch im Himmel.<\/p>\n\n\n\n<div style=\"height:20px\" aria-hidden=\"true\" class=\"wp-block-spacer\"><\/div>\n\n\n<div class=\"wp-block-image\">\n<figure class=\"aligncenter size-full\"><img loading=\"lazy\" decoding=\"async\" width=\"500\" height=\"742\" src=\"https:\/\/raulavellaneda.de\/wp-content\/uploads\/web-000-4.jpg\" alt=\"\" class=\"wp-image-5341\" srcset=\"https:\/\/raulavellaneda.de\/wp-content\/uploads\/web-000-4.jpg 500w, https:\/\/raulavellaneda.de\/wp-content\/uploads\/web-000-4-202x300.jpg 202w\" sizes=\"auto, (max-width: 500px) 85vw, 500px\" \/><figcaption class=\"wp-element-caption\">Einblick auf die D\u00e4cher des Central Friedhof in Lima<\/figcaption><\/figure>\n<\/div>\n\n\n<div style=\"height:20px\" aria-hidden=\"true\" class=\"wp-block-spacer\"><\/div>\n\n\n\n<p>Avellaneda sammelte Objekte und \u00dcberreste von den D\u00e4chern des Allgemeinen Friedhofs in Lima und verwandelte sie dann in eine Skulptur pers\u00f6nlicher Natur. Ausgehend vom Bild des Jesuskindes und den Wachsabdr\u00fccken der H\u00e4nde des K\u00fcnstlers und unter Einbeziehung von Transfusions- und Injektionsr\u00f6hrchen &#8211; die in einer mit \u201eBlut\u201c gef\u00fcllten Urne platziert sind &#8211; wirft der K\u00fcnstler \u00dcberlegungen und Fragen zur katholischen Kirche in Bezug auf sexuelle Zweideutigkeit, Fanatismus, Hingabe, Aufopferung und die Vollendung des Lebens auf.<\/p>\n\n\n\n<div style=\"height:100px\" aria-hidden=\"true\" class=\"wp-block-spacer\"><\/div>\n\n\n<div class=\"wp-block-image\">\n<figure class=\"aligncenter size-full\"><img loading=\"lazy\" decoding=\"async\" width=\"500\" height=\"751\" src=\"https:\/\/raulavellaneda.de\/wp-content\/uploads\/web-001-2.jpg\" alt=\"\" class=\"wp-image-5342\" srcset=\"https:\/\/raulavellaneda.de\/wp-content\/uploads\/web-001-2.jpg 500w, https:\/\/raulavellaneda.de\/wp-content\/uploads\/web-001-2-200x300.jpg 200w\" sizes=\"auto, (max-width: 500px) 85vw, 500px\" \/><figcaption class=\"wp-element-caption\">&#8222;Marias Kuss&#8220;, Bearbeitete Fundst\u00fccke aus dem Friedhof, Gipsfiguren und Wachs<\/figcaption><\/figure>\n<\/div>\n\n\n<div style=\"height:100px\" aria-hidden=\"true\" class=\"wp-block-spacer\"><\/div>\n\n\n<div class=\"wp-block-image\">\n<figure class=\"aligncenter size-full\"><img loading=\"lazy\" decoding=\"async\" width=\"500\" height=\"751\" src=\"https:\/\/raulavellaneda.de\/wp-content\/uploads\/web-002-.jpg\" alt=\"\" class=\"wp-image-5343\" srcset=\"https:\/\/raulavellaneda.de\/wp-content\/uploads\/web-002-.jpg 500w, https:\/\/raulavellaneda.de\/wp-content\/uploads\/web-002--200x300.jpg 200w\" sizes=\"auto, (max-width: 500px) 85vw, 500px\" \/><figcaption class=\"wp-element-caption\">&#8222;Marias Kind&#8220;, Bearbeitete Fundst\u00fcck aus dem Friedhof, Gipsfigur, Strumpfhose und Pr\u00e4servativ<\/figcaption><\/figure>\n<\/div>\n\n\n<div style=\"height:100px\" aria-hidden=\"true\" class=\"wp-block-spacer\"><\/div>\n\n\n\n<figure class=\"wp-block-image size-full\"><img loading=\"lazy\" decoding=\"async\" width=\"900\" height=\"549\" src=\"https:\/\/raulavellaneda.de\/wp-content\/uploads\/web-003-3.jpg\" alt=\"\" class=\"wp-image-5344\" srcset=\"https:\/\/raulavellaneda.de\/wp-content\/uploads\/web-003-3.jpg 900w, https:\/\/raulavellaneda.de\/wp-content\/uploads\/web-003-3-300x183.jpg 300w, https:\/\/raulavellaneda.de\/wp-content\/uploads\/web-003-3-768x468.jpg 768w\" sizes=\"auto, (max-width: 709px) 85vw, (max-width: 909px) 67vw, (max-width: 1362px) 62vw, 840px\" \/><figcaption class=\"wp-element-caption\">&#8222;Glaubenspenetration&#8220;, Bearbeitete Fundst\u00fccke aus dem Friedhof Gipsfiguren, Strumpfhosen und Pr\u00e4servativ<\/figcaption><\/figure>\n\n\n\n<div style=\"height:100px\" aria-hidden=\"true\" class=\"wp-block-spacer\"><\/div>\n\n\n\n<figure class=\"wp-block-image size-full\"><img loading=\"lazy\" decoding=\"async\" width=\"840\" height=\"550\" src=\"https:\/\/raulavellaneda.de\/wp-content\/uploads\/web-003-a.jpg\" alt=\"\" class=\"wp-image-5345\" srcset=\"https:\/\/raulavellaneda.de\/wp-content\/uploads\/web-003-a.jpg 840w, https:\/\/raulavellaneda.de\/wp-content\/uploads\/web-003-a-300x196.jpg 300w, https:\/\/raulavellaneda.de\/wp-content\/uploads\/web-003-a-768x503.jpg 768w\" sizes=\"auto, (max-width: 709px) 85vw, (max-width: 909px) 67vw, (max-width: 1362px) 62vw, 840px\" \/><figcaption class=\"wp-element-caption\">&#8222;Marias Kind&#8220;, Bearbeitete Fundst\u00fccke aus dem Friedhof Gipsfiguren, Strumpfhosen und Pr\u00e4servativ<\/figcaption><\/figure>\n\n\n\n<div style=\"height:100px\" aria-hidden=\"true\" class=\"wp-block-spacer\"><\/div>\n\n\n\n<figure class=\"wp-block-image size-full\"><img loading=\"lazy\" decoding=\"async\" width=\"900\" height=\"675\" src=\"https:\/\/raulavellaneda.de\/wp-content\/uploads\/web-004-a-.jpg\" alt=\"\" class=\"wp-image-5346\" srcset=\"https:\/\/raulavellaneda.de\/wp-content\/uploads\/web-004-a-.jpg 900w, https:\/\/raulavellaneda.de\/wp-content\/uploads\/web-004-a--300x225.jpg 300w, https:\/\/raulavellaneda.de\/wp-content\/uploads\/web-004-a--768x576.jpg 768w\" sizes=\"auto, (max-width: 709px) 85vw, (max-width: 909px) 67vw, (max-width: 1362px) 62vw, 840px\" \/><figcaption class=\"wp-element-caption\">Ausstellung &#8222;Mein Leben&#8220;, cubus-Kunsthalle, Duisburg 2024<\/figcaption><\/figure>\n\n\n\n<div style=\"height:100px\" aria-hidden=\"true\" class=\"wp-block-spacer\"><\/div>\n\n\n<div class=\"wp-block-image\">\n<figure class=\"aligncenter size-full\"><img loading=\"lazy\" decoding=\"async\" width=\"500\" height=\"667\" src=\"https:\/\/raulavellaneda.de\/wp-content\/uploads\/web-004-b.jpg\" alt=\"\" class=\"wp-image-5347\" srcset=\"https:\/\/raulavellaneda.de\/wp-content\/uploads\/web-004-b.jpg 500w, https:\/\/raulavellaneda.de\/wp-content\/uploads\/web-004-b-225x300.jpg 225w\" sizes=\"auto, (max-width: 500px) 85vw, 500px\" \/><figcaption class=\"wp-element-caption\">Ausstellung &#8222;Mein Leben&#8220;, cubus-Kunsthalle, Duisburg 2024<\/figcaption><\/figure>\n<\/div>\n\n\n<div style=\"height:100px\" aria-hidden=\"true\" class=\"wp-block-spacer\"><\/div>\n\n\n\n<figure class=\"wp-block-image size-full\"><img loading=\"lazy\" decoding=\"async\" width=\"900\" height=\"595\" src=\"https:\/\/raulavellaneda.de\/wp-content\/uploads\/web-005-3.jpg\" alt=\"\" class=\"wp-image-5348\" srcset=\"https:\/\/raulavellaneda.de\/wp-content\/uploads\/web-005-3.jpg 900w, https:\/\/raulavellaneda.de\/wp-content\/uploads\/web-005-3-300x198.jpg 300w, https:\/\/raulavellaneda.de\/wp-content\/uploads\/web-005-3-768x508.jpg 768w\" sizes=\"auto, (max-width: 709px) 85vw, (max-width: 909px) 67vw, (max-width: 1362px) 62vw, 840px\" \/><figcaption class=\"wp-element-caption\">Ausstellung &#8222;Todesbilder&#8220;, Museum Bochum, 1999<\/figcaption><\/figure>\n\n\n\n<div style=\"height:100px\" aria-hidden=\"true\" class=\"wp-block-spacer\"><\/div>\n\n\n\n<figure class=\"wp-block-image size-full\"><img loading=\"lazy\" decoding=\"async\" width=\"900\" height=\"549\" src=\"https:\/\/raulavellaneda.de\/wp-content\/uploads\/web-006.jpg\" alt=\"\" class=\"wp-image-5349\" srcset=\"https:\/\/raulavellaneda.de\/wp-content\/uploads\/web-006.jpg 900w, https:\/\/raulavellaneda.de\/wp-content\/uploads\/web-006-300x183.jpg 300w, https:\/\/raulavellaneda.de\/wp-content\/uploads\/web-006-768x468.jpg 768w\" sizes=\"auto, (max-width: 709px) 85vw, (max-width: 909px) 67vw, (max-width: 1362px) 62vw, 840px\" \/><figcaption class=\"wp-element-caption\">Ausstellung &#8222;Todesbilder&#8220;, Museum Bochum, 1999<\/figcaption><\/figure>\n\n\n\n<div style=\"height:100px\" aria-hidden=\"true\" class=\"wp-block-spacer\"><\/div>\n\n\n\n<figure class=\"wp-block-image size-full\"><img loading=\"lazy\" decoding=\"async\" width=\"900\" height=\"561\" src=\"https:\/\/raulavellaneda.de\/wp-content\/uploads\/web-007-2.jpg\" alt=\"\" class=\"wp-image-5350\" srcset=\"https:\/\/raulavellaneda.de\/wp-content\/uploads\/web-007-2.jpg 900w, https:\/\/raulavellaneda.de\/wp-content\/uploads\/web-007-2-300x187.jpg 300w, https:\/\/raulavellaneda.de\/wp-content\/uploads\/web-007-2-768x479.jpg 768w\" sizes=\"auto, (max-width: 709px) 85vw, (max-width: 909px) 67vw, (max-width: 1362px) 62vw, 840px\" \/><figcaption class=\"wp-element-caption\">Ausstellung &#8222;Todesbilder&#8220;, Museum Bochum, 1999<\/figcaption><\/figure>\n\n\n\n<div style=\"height:100px\" aria-hidden=\"true\" class=\"wp-block-spacer\"><\/div>\n\n\n\n<figure class=\"wp-block-image size-full\"><img loading=\"lazy\" decoding=\"async\" width=\"900\" height=\"437\" src=\"https:\/\/raulavellaneda.de\/wp-content\/uploads\/web-007-a.jpg\" alt=\"\" class=\"wp-image-5351\" srcset=\"https:\/\/raulavellaneda.de\/wp-content\/uploads\/web-007-a.jpg 900w, https:\/\/raulavellaneda.de\/wp-content\/uploads\/web-007-a-300x146.jpg 300w, https:\/\/raulavellaneda.de\/wp-content\/uploads\/web-007-a-768x373.jpg 768w\" sizes=\"auto, (max-width: 709px) 85vw, (max-width: 909px) 67vw, (max-width: 1362px) 62vw, 840px\" \/><figcaption class=\"wp-element-caption\">Ausstellung &#8222;Todesbilder&#8220;, Museum Bochum, 1999<\/figcaption><\/figure>\n\n\n\n<div style=\"height:100px\" aria-hidden=\"true\" class=\"wp-block-spacer\"><\/div>\n\n\n\n<figure class=\"wp-block-image size-full\"><img loading=\"lazy\" decoding=\"async\" width=\"900\" height=\"500\" src=\"https:\/\/raulavellaneda.de\/wp-content\/uploads\/web-007-b.jpg\" alt=\"\" class=\"wp-image-5352\" srcset=\"https:\/\/raulavellaneda.de\/wp-content\/uploads\/web-007-b.jpg 900w, https:\/\/raulavellaneda.de\/wp-content\/uploads\/web-007-b-300x167.jpg 300w, https:\/\/raulavellaneda.de\/wp-content\/uploads\/web-007-b-768x427.jpg 768w\" sizes=\"auto, (max-width: 709px) 85vw, (max-width: 909px) 67vw, (max-width: 1362px) 62vw, 840px\" \/><figcaption class=\"wp-element-caption\">Ausstellung &#8222;Todesbilder&#8220;, Museum Bochum, 1999<\/figcaption><\/figure>\n\n\n\n<div style=\"height:100px\" aria-hidden=\"true\" class=\"wp-block-spacer\"><\/div>\n\n\n\n<div style=\"height:13px\" aria-hidden=\"true\" class=\"wp-block-spacer\"><\/div>\n\n\n<div class=\"wp-block-image\">\n<figure class=\"aligncenter size-full\"><img loading=\"lazy\" decoding=\"async\" width=\"500\" height=\"723\" src=\"https:\/\/raulavellaneda.de\/wp-content\/uploads\/web-008-1-3.jpg\" alt=\"\" class=\"wp-image-5374\" srcset=\"https:\/\/raulavellaneda.de\/wp-content\/uploads\/web-008-1-3.jpg 500w, https:\/\/raulavellaneda.de\/wp-content\/uploads\/web-008-1-3-207x300.jpg 207w\" sizes=\"auto, (max-width: 500px) 85vw, 500px\" \/><figcaption class=\"wp-element-caption\">Ausstellung &#8222;Mein Leben&#8220;, cubus-Kunsthalle, Duisburg 2024<\/figcaption><\/figure>\n<\/div>\n\n\n<div style=\"height:100px\" aria-hidden=\"true\" class=\"wp-block-spacer\"><\/div>\n\n\n<div class=\"wp-block-image\">\n<figure class=\"aligncenter size-full\"><img loading=\"lazy\" decoding=\"async\" width=\"500\" height=\"731\" src=\"https:\/\/raulavellaneda.de\/wp-content\/uploads\/web-009-.jpg\" alt=\"\" class=\"wp-image-5354\" srcset=\"https:\/\/raulavellaneda.de\/wp-content\/uploads\/web-009-.jpg 500w, https:\/\/raulavellaneda.de\/wp-content\/uploads\/web-009--205x300.jpg 205w\" sizes=\"auto, (max-width: 500px) 85vw, 500px\" \/><figcaption class=\"wp-element-caption\">Ausstellung &#8222;Todesbilder&#8220;, cK\u00fcnstlerhaus Bethanien, Berlin 1999<\/figcaption><\/figure>\n<\/div>","protected":false},"excerpt":{"rendered":"<p>In Lima werden aufgrund der Volksreligiosit\u00e4t und des Aberglaubens Statuen und heilige Bilder auf Friedh\u00f6fen auf den D\u00e4chern von Grabnischen \u201ebegraben\u201c, da die Vorstellung von Ketzerei, Bestrafung und Angst in der sozialen Vorstellungswelt latent vorhanden ist. Auf diese Weise befinden sich diese Bilder an einer Schwelle: weder auf der Erde noch im Himmel. Avellaneda sammelte &hellip; <a href=\"https:\/\/raulavellaneda.de\/?page_id=5337\" class=\"more-link\"><span class=\"screen-reader-text\">\u201eDas unbefleckte Empf\u00e4ngnis\u201c<\/span> weiterlesen<\/a><\/p>\n","protected":false},"author":1,"featured_media":0,"parent":0,"menu_order":0,"comment_status":"closed","ping_status":"closed","template":"","meta":{"footnotes":""},"class_list":["post-5337","page","type-page","status-publish","hentry"],"_links":{"self":[{"href":"https:\/\/raulavellaneda.de\/index.php?rest_route=\/wp\/v2\/pages\/5337","targetHints":{"allow":["GET"]}}],"collection":[{"href":"https:\/\/raulavellaneda.de\/index.php?rest_route=\/wp\/v2\/pages"}],"about":[{"href":"https:\/\/raulavellaneda.de\/index.php?rest_route=\/wp\/v2\/types\/page"}],"author":[{"embeddable":true,"href":"https:\/\/raulavellaneda.de\/index.php?rest_route=\/wp\/v2\/users\/1"}],"replies":[{"embeddable":true,"href":"https:\/\/raulavellaneda.de\/index.php?rest_route=%2Fwp%2Fv2%2Fcomments&post=5337"}],"version-history":[{"count":8,"href":"https:\/\/raulavellaneda.de\/index.php?rest_route=\/wp\/v2\/pages\/5337\/revisions"}],"predecessor-version":[{"id":5377,"href":"https:\/\/raulavellaneda.de\/index.php?rest_route=\/wp\/v2\/pages\/5337\/revisions\/5377"}],"wp:attachment":[{"href":"https:\/\/raulavellaneda.de\/index.php?rest_route=%2Fwp%2Fv2%2Fmedia&parent=5337"}],"curies":[{"name":"wp","href":"https:\/\/api.w.org\/{rel}","templated":true}]}}