{"id":5056,"date":"2024-03-25T22:49:26","date_gmt":"2024-03-25T21:49:26","guid":{"rendered":"https:\/\/raulavellaneda.de\/?page_id=5056"},"modified":"2024-09-28T16:05:09","modified_gmt":"2024-09-28T14:05:09","slug":"portrait-eines-generals","status":"publish","type":"page","link":"https:\/\/raulavellaneda.de\/?page_id=5056","title":{"rendered":"&#8222;Portrait eines Generals&#8220;"},"content":{"rendered":"\n<div style=\"height:30px\" aria-hidden=\"true\" class=\"wp-block-spacer\"><\/div>\n\n\n<div class=\"wp-block-image\">\n<figure class=\"aligncenter size-full is-resized\"><img loading=\"lazy\" decoding=\"async\" width=\"480\" height=\"646\" src=\"https:\/\/raulavellaneda.de\/wp-content\/uploads\/web-0061-1.jpg\" alt=\"\" class=\"wp-image-5057\" style=\"width:364px\" srcset=\"https:\/\/raulavellaneda.de\/wp-content\/uploads\/web-0061-1.jpg 480w, https:\/\/raulavellaneda.de\/wp-content\/uploads\/web-0061-1-223x300.jpg 223w\" sizes=\"auto, (max-width: 480px) 85vw, 480px\" \/><figcaption class=\"wp-element-caption\">General Jos\u00e9 del Carmen Cabrejos Mej\u00eda, Lima, 1964<\/figcaption><\/figure>\n<\/div>\n\n\n<div style=\"height:20px\" aria-hidden=\"true\" class=\"wp-block-spacer\"><\/div>\n\n\n\n<p>Jos\u00e9 del Carmen Cabrejos Mej\u00eda wurde 1907 in einer entlegenen peruanischen Provinz geboren.<\/p>\n\n\n\n<p>Nach einer langen Laufbahn an der Milit\u00e4rakademie \u00fcbernahm er das Ministerium f\u00fcr die <em>Entwicklung und F\u00f6rderung des Bauwesens <\/em>in Lima. 1964 wurde er zum Oberkommandierenden der peruanischen Streitkr\u00e4fte ernannt.<\/p>\n\n\n\n<p>W\u00e4hrend seiner aktiven Dienstzeit setzte er sich die Bek\u00e4mpfung der aufkommenden Guerilla-Bewegung in Per\u00fa zum Ziel. Als Verfechter einer nordamerikanischen Interventionspolitik war er immer erkl\u00e4rter Anti-Kommunist.<\/p>\n\n\n\n<p>Er bewunderte uneingeschr\u00e4nkt die Kriegsf\u00fchrung der deutschen Faschisten im 2. Weltkrieg, die er als \u201eein Beispiel f\u00fcr die gesamte Menschheit\u201c bezeichnete. Zu seinen engsten Freunden z\u00e4hlten unter anderen die Diktatoren Anastasio Somoza (Nicaragua) und Augusto Pinochet (Chile).<\/p>\n\n\n\n<p>Mit Hilfe unbegrenzter Privilegien, die das lateinamerikanische Milit\u00e4r bekanntlich \u00fcberall genie\u00dft, lie\u00df er sich in einer exklusiven Wohngegend au\u00dferhalb der Stadt eine gro\u00dfz\u00fcgig gestaltete Villa erbauen \u2013 inmitten einer k\u00fcnstlich bew\u00e4sserten Oase.<\/p>\n\n\n<div class=\"wp-block-image\">\n<figure class=\"aligncenter size-full is-resized\"><img loading=\"lazy\" decoding=\"async\" width=\"840\" height=\"560\" src=\"https:\/\/raulavellaneda.de\/wp-content\/uploads\/web-000-2.jpg\" alt=\"\" class=\"wp-image-5058\" style=\"width:364px\" srcset=\"https:\/\/raulavellaneda.de\/wp-content\/uploads\/web-000-2.jpg 840w, https:\/\/raulavellaneda.de\/wp-content\/uploads\/web-000-2-300x200.jpg 300w, https:\/\/raulavellaneda.de\/wp-content\/uploads\/web-000-2-768x512.jpg 768w\" sizes=\"auto, (max-width: 709px) 85vw, (max-width: 909px) 67vw, (max-width: 1362px) 62vw, 840px\" \/><figcaption class=\"wp-element-caption\">Das Haus in Chaclacayo, 1983, Foto: C\u00e9sar Guerra<\/figcaption><\/figure>\n<\/div>\n\n\n<p>Das schneewei\u00dfe Haus ist aus Felssteinen errichtet, die aus der umliegenden W\u00fcste herbeigeschafft wurden; es liegt auf einem H\u00fcgel, umgeben von terrassenartig angelegten G\u00e4rten. Der General machte das vollendete Werk seiner Geliebten zum Geschenk und taufte es \u2013 ihr zu Ehren &#8211; \u201eVilla Luz del Carmen\u201c.<\/p>\n\n\n\n<p>Am 26. August 1982 mietete die <em>Grupo Chaclacayo<\/em> das gesamte unbewohnte Anwesen, um dort ein multimediales Projekt \u00fcber den <strong>Tod<\/strong> zu erarbeiten.<\/p>\n\n\n\n<p>Das Goethe-Institut und eine Anzahl kultureller Institutionen in der Bundesrepublik ver\u00f6ffentlichten gro\u00dfe Teile dieses Projekts unter dem Titel \u201eTodesbilder\u201c; umfangreiche Ausstellungen wurden in Lima und in verschiedenen deutschen St\u00e4dten gezeigt.<\/p>\n\n\n\n<p>1987 endete der Mietvertrag f\u00fcr die Villa des Generals; die Gruppe w\u00fcnschte, ihn zu erneuern, um das Projekt abschlie\u00dfen zu k\u00f6nnen.<\/p>\n\n\n\n<p>Die Familie war schlie\u00dflich dazu bereit, unter der Bedingung, ein lebensgro\u00dfes Portrait des Generals in \u00d6l gemalt zu bekommen \u2013 von Kopf bis Fu\u00df. Vielleicht dachte man damals schon an seinen baldigen Tod.<\/p>\n\n\n\n<p>Einer der K\u00fcnstler der Gruppe, Ra\u00fal Avellaneda, nahm das Angebot an. Er verabredete mit dem alten General, als Vorstudien zu seinem Portrait eine Fotoserie zu entwickeln und ein Gespr\u00e4ch \u00fcber sein vergangenes Leben f\u00fchren zu k\u00f6nnen. Das Modell \u2013 bereits seit vielen Jahren au\u00dfer Diensten \u2013 zog sich zu diesem Zweck noch einmal seine verbrauchte Milit\u00e4runiform an; Frau und Sohn nahmen an der Aktion teil.<\/p>\n\n\n\n<p>W\u00e4hrend der Arbeit am fast fertigen Portrait wurde das Haus am  12. Juli 1987 von Soldaten der Regierungstruppen durchsucht, weil sie die K\u00fcnstler f\u00fcr versteckte Terroristen hielten; am Ende beteiligten sich alle \u2013 mit dem schwarz verpackten Gem\u00e4lde als Hauptdarsteller \u2013 an einer Performance in der W\u00fcste.<\/p>\n\n\n\n<p>Um das \u00d6lbild wunschgem\u00e4\u00df ausf\u00fchren zu k\u00f6nnen, mu\u00dften einige pers\u00f6nliche Vorstellungen des Generals unbedingt ber\u00fccksichtig werden: Sein Aussehen sollte um ein vielfaches jugendlicher, seine Hautfarbe betr\u00e4chtlich wei\u00dfer und seine Augen eindeutig \u201epreu\u00dfisch\u201c blau ausfallen&#8230;<\/p>\n\n\n\n<p>H.J. Psotta \/ R. Avellaneda, 1992<\/p>\n\n\n\n<div style=\"height:20px\" aria-hidden=\"true\" class=\"wp-block-spacer\"><\/div>\n\n\n\n<h6 class=\"wp-block-heading\">Der General stellt sich als Modell zur Verf\u00fcgung, Lima, 1987<\/h6>\n\n\n\n<div style=\"height:20px\" aria-hidden=\"true\" class=\"wp-block-spacer\"><\/div>\n\n\n\n<div class=\"wp-block-columns is-layout-flex wp-container-core-columns-is-layout-9d6595d7 wp-block-columns-is-layout-flex\">\n<div class=\"wp-block-column is-layout-flow wp-block-column-is-layout-flow\">\n<figure class=\"wp-block-image size-full\"><img loading=\"lazy\" decoding=\"async\" width=\"480\" height=\"687\" src=\"https:\/\/raulavellaneda.de\/wp-content\/uploads\/web-001-1.jpg\" alt=\"\" class=\"wp-image-5059\" srcset=\"https:\/\/raulavellaneda.de\/wp-content\/uploads\/web-001-1.jpg 480w, https:\/\/raulavellaneda.de\/wp-content\/uploads\/web-001-1-210x300.jpg 210w\" sizes=\"auto, (max-width: 480px) 85vw, 480px\" \/><\/figure>\n<\/div>\n\n\n\n<div class=\"wp-block-column is-layout-flow wp-block-column-is-layout-flow\">\n<figure class=\"wp-block-image size-full\"><img loading=\"lazy\" decoding=\"async\" width=\"480\" height=\"694\" src=\"https:\/\/raulavellaneda.de\/wp-content\/uploads\/web-003-2.jpg\" alt=\"\" class=\"wp-image-5060\" srcset=\"https:\/\/raulavellaneda.de\/wp-content\/uploads\/web-003-2.jpg 480w, https:\/\/raulavellaneda.de\/wp-content\/uploads\/web-003-2-207x300.jpg 207w\" sizes=\"auto, (max-width: 480px) 85vw, 480px\" \/><\/figure>\n<\/div>\n<\/div>\n\n\n\n<div style=\"height:120px\" aria-hidden=\"true\" class=\"wp-block-spacer\"><\/div>\n\n\n\n<div class=\"wp-block-columns is-layout-flex wp-container-core-columns-is-layout-9d6595d7 wp-block-columns-is-layout-flex\">\n<div class=\"wp-block-column is-layout-flow wp-block-column-is-layout-flow\">\n<figure class=\"wp-block-image size-full\"><img loading=\"lazy\" decoding=\"async\" width=\"480\" height=\"687\" src=\"https:\/\/raulavellaneda.de\/wp-content\/uploads\/web-007-1.jpg\" alt=\"\" class=\"wp-image-5061\" srcset=\"https:\/\/raulavellaneda.de\/wp-content\/uploads\/web-007-1.jpg 480w, https:\/\/raulavellaneda.de\/wp-content\/uploads\/web-007-1-210x300.jpg 210w\" sizes=\"auto, (max-width: 480px) 85vw, 480px\" \/><\/figure>\n<\/div>\n\n\n\n<div class=\"wp-block-column is-layout-flow wp-block-column-is-layout-flow\">\n<figure class=\"wp-block-image size-full\"><img loading=\"lazy\" decoding=\"async\" width=\"480\" height=\"683\" src=\"https:\/\/raulavellaneda.de\/wp-content\/uploads\/web-009-1.jpg\" alt=\"\" class=\"wp-image-5062\" srcset=\"https:\/\/raulavellaneda.de\/wp-content\/uploads\/web-009-1.jpg 480w, https:\/\/raulavellaneda.de\/wp-content\/uploads\/web-009-1-211x300.jpg 211w\" sizes=\"auto, (max-width: 480px) 85vw, 480px\" \/><\/figure>\n<\/div>\n<\/div>\n\n\n\n<div style=\"height:120px\" aria-hidden=\"true\" class=\"wp-block-spacer\"><\/div>\n\n\n\n<div class=\"wp-block-columns is-layout-flex wp-container-core-columns-is-layout-9d6595d7 wp-block-columns-is-layout-flex\">\n<div class=\"wp-block-column is-layout-flow wp-block-column-is-layout-flow\">\n<figure class=\"wp-block-image size-full\"><img loading=\"lazy\" decoding=\"async\" width=\"480\" height=\"687\" src=\"https:\/\/raulavellaneda.de\/wp-content\/uploads\/web-0010-2.jpg\" alt=\"\" class=\"wp-image-5063\" srcset=\"https:\/\/raulavellaneda.de\/wp-content\/uploads\/web-0010-2.jpg 480w, https:\/\/raulavellaneda.de\/wp-content\/uploads\/web-0010-2-210x300.jpg 210w\" sizes=\"auto, (max-width: 480px) 85vw, 480px\" \/><\/figure>\n<\/div>\n\n\n\n<div class=\"wp-block-column is-layout-flow wp-block-column-is-layout-flow\">\n<figure class=\"wp-block-image size-full\"><img loading=\"lazy\" decoding=\"async\" width=\"480\" height=\"692\" src=\"https:\/\/raulavellaneda.de\/wp-content\/uploads\/web-0014.jpg\" alt=\"\" class=\"wp-image-5065\" srcset=\"https:\/\/raulavellaneda.de\/wp-content\/uploads\/web-0014.jpg 480w, https:\/\/raulavellaneda.de\/wp-content\/uploads\/web-0014-208x300.jpg 208w\" sizes=\"auto, (max-width: 480px) 85vw, 480px\" \/><\/figure>\n<\/div>\n<\/div>\n\n\n\n<div style=\"height:120px\" aria-hidden=\"true\" class=\"wp-block-spacer\"><\/div>\n\n\n\n<div class=\"wp-block-columns is-layout-flex wp-container-core-columns-is-layout-9d6595d7 wp-block-columns-is-layout-flex\">\n<div class=\"wp-block-column is-layout-flow wp-block-column-is-layout-flow\">\n<figure class=\"wp-block-image size-full\"><img loading=\"lazy\" decoding=\"async\" width=\"480\" height=\"692\" src=\"https:\/\/raulavellaneda.de\/wp-content\/uploads\/web-0013-5.jpg\" alt=\"\" class=\"wp-image-5066\" srcset=\"https:\/\/raulavellaneda.de\/wp-content\/uploads\/web-0013-5.jpg 480w, https:\/\/raulavellaneda.de\/wp-content\/uploads\/web-0013-5-208x300.jpg 208w\" sizes=\"auto, (max-width: 480px) 85vw, 480px\" \/><\/figure>\n<\/div>\n\n\n\n<div class=\"wp-block-column is-layout-flow wp-block-column-is-layout-flow\">\n<figure class=\"wp-block-image size-full\"><img loading=\"lazy\" decoding=\"async\" width=\"480\" height=\"698\" src=\"https:\/\/raulavellaneda.de\/wp-content\/uploads\/web-0016-Kopie-2-1.jpg\" alt=\"\" class=\"wp-image-5067\" srcset=\"https:\/\/raulavellaneda.de\/wp-content\/uploads\/web-0016-Kopie-2-1.jpg 480w, https:\/\/raulavellaneda.de\/wp-content\/uploads\/web-0016-Kopie-2-1-206x300.jpg 206w\" sizes=\"auto, (max-width: 480px) 85vw, 480px\" \/><\/figure>\n<\/div>\n<\/div>\n\n\n\n<div style=\"height:120px\" aria-hidden=\"true\" class=\"wp-block-spacer\"><\/div>\n\n\n\n<div class=\"wp-block-columns is-layout-flex wp-container-core-columns-is-layout-9d6595d7 wp-block-columns-is-layout-flex\">\n<div class=\"wp-block-column is-layout-flow wp-block-column-is-layout-flow\" style=\"flex-basis:50%\">\n<figure class=\"wp-block-image size-full\"><img loading=\"lazy\" decoding=\"async\" width=\"480\" height=\"694\" src=\"https:\/\/raulavellaneda.de\/wp-content\/uploads\/web-0018-1.jpg\" alt=\"\" class=\"wp-image-5068\" srcset=\"https:\/\/raulavellaneda.de\/wp-content\/uploads\/web-0018-1.jpg 480w, https:\/\/raulavellaneda.de\/wp-content\/uploads\/web-0018-1-207x300.jpg 207w\" sizes=\"auto, (max-width: 480px) 85vw, 480px\" \/><\/figure>\n<\/div>\n\n\n\n<div class=\"wp-block-column is-layout-flow wp-block-column-is-layout-flow\" style=\"flex-basis:50%\">\n<figure class=\"wp-block-image size-full\"><img loading=\"lazy\" decoding=\"async\" width=\"480\" height=\"682\" src=\"https:\/\/raulavellaneda.de\/wp-content\/uploads\/web-0017-1-1.jpg\" alt=\"\" class=\"wp-image-5069\" srcset=\"https:\/\/raulavellaneda.de\/wp-content\/uploads\/web-0017-1-1.jpg 480w, https:\/\/raulavellaneda.de\/wp-content\/uploads\/web-0017-1-1-211x300.jpg 211w\" sizes=\"auto, (max-width: 480px) 85vw, 480px\" \/><\/figure>\n<\/div>\n<\/div>\n\n\n\n<div style=\"height:120px\" aria-hidden=\"true\" class=\"wp-block-spacer\"><\/div>\n\n\n\n<h6 class=\"wp-block-heading\">Ra\u00fal Avellaneda arbeitet am Portrait des Generals, Chaclacayo, 1987<\/h6>\n\n\n\n<div style=\"height:20px\" aria-hidden=\"true\" class=\"wp-block-spacer\"><\/div>\n\n\n\n<div class=\"wp-block-columns is-layout-flex wp-container-core-columns-is-layout-9d6595d7 wp-block-columns-is-layout-flex\">\n<div class=\"wp-block-column is-layout-flow wp-block-column-is-layout-flow\">\n<figure class=\"wp-block-image size-full\"><img loading=\"lazy\" decoding=\"async\" width=\"480\" height=\"682\" src=\"https:\/\/raulavellaneda.de\/wp-content\/uploads\/web-0027-1.jpg\" alt=\"\" class=\"wp-image-5070\" srcset=\"https:\/\/raulavellaneda.de\/wp-content\/uploads\/web-0027-1.jpg 480w, https:\/\/raulavellaneda.de\/wp-content\/uploads\/web-0027-1-211x300.jpg 211w\" sizes=\"auto, (max-width: 480px) 85vw, 480px\" \/><\/figure>\n<\/div>\n\n\n\n<div class=\"wp-block-column is-layout-flow wp-block-column-is-layout-flow\">\n<figure class=\"wp-block-image size-full\"><img loading=\"lazy\" decoding=\"async\" width=\"480\" height=\"682\" src=\"https:\/\/raulavellaneda.de\/wp-content\/uploads\/web-0032.jpg\" alt=\"\" class=\"wp-image-5071\" srcset=\"https:\/\/raulavellaneda.de\/wp-content\/uploads\/web-0032.jpg 480w, https:\/\/raulavellaneda.de\/wp-content\/uploads\/web-0032-211x300.jpg 211w\" sizes=\"auto, (max-width: 480px) 85vw, 480px\" \/><\/figure>\n<\/div>\n<\/div>\n\n\n\n<div style=\"height:120px\" aria-hidden=\"true\" class=\"wp-block-spacer\"><\/div>\n\n\n\n<div class=\"wp-block-columns is-layout-flex wp-container-core-columns-is-layout-9d6595d7 wp-block-columns-is-layout-flex\">\n<div class=\"wp-block-column is-layout-flow wp-block-column-is-layout-flow\">\n<figure class=\"wp-block-image size-full\"><img loading=\"lazy\" decoding=\"async\" width=\"480\" height=\"679\" src=\"https:\/\/raulavellaneda.de\/wp-content\/uploads\/web-CCF22022024_0001-2.jpg\" alt=\"\" class=\"wp-image-5074\" srcset=\"https:\/\/raulavellaneda.de\/wp-content\/uploads\/web-CCF22022024_0001-2.jpg 480w, https:\/\/raulavellaneda.de\/wp-content\/uploads\/web-CCF22022024_0001-2-212x300.jpg 212w\" sizes=\"auto, (max-width: 480px) 85vw, 480px\" \/><\/figure>\n<\/div>\n\n\n\n<div class=\"wp-block-column is-layout-flow wp-block-column-is-layout-flow\">\n<figure class=\"wp-block-image size-full\"><img loading=\"lazy\" decoding=\"async\" width=\"480\" height=\"679\" src=\"https:\/\/raulavellaneda.de\/wp-content\/uploads\/web-0034-3.jpg\" alt=\"\" class=\"wp-image-5073\" srcset=\"https:\/\/raulavellaneda.de\/wp-content\/uploads\/web-0034-3.jpg 480w, https:\/\/raulavellaneda.de\/wp-content\/uploads\/web-0034-3-212x300.jpg 212w\" sizes=\"auto, (max-width: 480px) 85vw, 480px\" \/><\/figure>\n<\/div>\n<\/div>\n\n\n\n<div style=\"height:120px\" aria-hidden=\"true\" class=\"wp-block-spacer\"><\/div>\n\n\n\n<figure class=\"wp-block-image size-full\"><img loading=\"lazy\" decoding=\"async\" width=\"840\" height=\"573\" src=\"https:\/\/raulavellaneda.de\/wp-content\/uploads\/web-0039-2.jpg\" alt=\"\" class=\"wp-image-5075\" srcset=\"https:\/\/raulavellaneda.de\/wp-content\/uploads\/web-0039-2.jpg 840w, https:\/\/raulavellaneda.de\/wp-content\/uploads\/web-0039-2-300x205.jpg 300w, https:\/\/raulavellaneda.de\/wp-content\/uploads\/web-0039-2-768x524.jpg 768w\" sizes=\"auto, (max-width: 709px) 85vw, (max-width: 909px) 67vw, (max-width: 1362px) 62vw, 840px\" \/><figcaption class=\"wp-element-caption\">Am  12. Juli 1987  wurde das Haus von Soldaten der Regierungstruppen durchsucht, weil sie die K\u00fcnstler f\u00fcr versteckte Terroristen hielten; am Ende beteiligten sich alle \u2013 mit dem schwarz verpackten Gem\u00e4lde als Hauptdarsteller \u2013 an einer Performance in der W\u00fcste.<\/figcaption><\/figure>\n\n\n\n<div style=\"height:120px\" aria-hidden=\"true\" class=\"wp-block-spacer\"><\/div>\n\n\n\n<figure class=\"wp-block-image size-full\"><img loading=\"lazy\" decoding=\"async\" width=\"840\" height=\"573\" src=\"https:\/\/raulavellaneda.de\/wp-content\/uploads\/web-0038-1.jpg\" alt=\"\" class=\"wp-image-5076\" srcset=\"https:\/\/raulavellaneda.de\/wp-content\/uploads\/web-0038-1.jpg 840w, https:\/\/raulavellaneda.de\/wp-content\/uploads\/web-0038-1-300x205.jpg 300w, https:\/\/raulavellaneda.de\/wp-content\/uploads\/web-0038-1-768x524.jpg 768w\" sizes=\"auto, (max-width: 709px) 85vw, (max-width: 909px) 67vw, (max-width: 1362px) 62vw, 840px\" \/><\/figure>\n\n\n\n<div style=\"height:120px\" aria-hidden=\"true\" class=\"wp-block-spacer\"><\/div>\n\n\n\n<h6 class=\"wp-block-heading\">Bild\u00fcbergabe, Lima, 1987<\/h6>\n\n\n\n<div style=\"height:20px\" aria-hidden=\"true\" class=\"wp-block-spacer\"><\/div>\n\n\n\n<div style=\"height:20px\" aria-hidden=\"true\" class=\"wp-block-spacer\"><\/div>\n\n\n\n<div class=\"wp-block-columns is-layout-flex wp-container-core-columns-is-layout-9d6595d7 wp-block-columns-is-layout-flex\">\n<div class=\"wp-block-column is-layout-flow wp-block-column-is-layout-flow\">\n<figure class=\"wp-block-image size-full\"><img loading=\"lazy\" decoding=\"async\" width=\"480\" height=\"682\" src=\"https:\/\/raulavellaneda.de\/wp-content\/uploads\/web-0040-1.jpg\" alt=\"\" class=\"wp-image-5077\" srcset=\"https:\/\/raulavellaneda.de\/wp-content\/uploads\/web-0040-1.jpg 480w, https:\/\/raulavellaneda.de\/wp-content\/uploads\/web-0040-1-211x300.jpg 211w\" sizes=\"auto, (max-width: 480px) 85vw, 480px\" \/><\/figure>\n<\/div>\n\n\n\n<div class=\"wp-block-column is-layout-flow wp-block-column-is-layout-flow\">\n<figure class=\"wp-block-image size-full\"><img loading=\"lazy\" decoding=\"async\" width=\"480\" height=\"677\" src=\"https:\/\/raulavellaneda.de\/wp-content\/uploads\/web-0041-1.jpg\" alt=\"\" class=\"wp-image-5078\" srcset=\"https:\/\/raulavellaneda.de\/wp-content\/uploads\/web-0041-1.jpg 480w, https:\/\/raulavellaneda.de\/wp-content\/uploads\/web-0041-1-213x300.jpg 213w\" sizes=\"auto, (max-width: 480px) 85vw, 480px\" \/><\/figure>\n<\/div>\n<\/div>\n\n\n\n<div style=\"height:120px\" aria-hidden=\"true\" class=\"wp-block-spacer\"><\/div>\n\n\n\n<div class=\"wp-block-columns is-layout-flex wp-container-core-columns-is-layout-9d6595d7 wp-block-columns-is-layout-flex\">\n<div class=\"wp-block-column is-layout-flow wp-block-column-is-layout-flow\" style=\"flex-basis:50%\">\n<figure class=\"wp-block-image size-full\"><img loading=\"lazy\" decoding=\"async\" width=\"480\" height=\"682\" src=\"https:\/\/raulavellaneda.de\/wp-content\/uploads\/web-0043-1-1.jpg\" alt=\"\" class=\"wp-image-5079\" srcset=\"https:\/\/raulavellaneda.de\/wp-content\/uploads\/web-0043-1-1.jpg 480w, https:\/\/raulavellaneda.de\/wp-content\/uploads\/web-0043-1-1-211x300.jpg 211w\" sizes=\"auto, (max-width: 480px) 85vw, 480px\" \/><\/figure>\n<\/div>\n\n\n\n<div class=\"wp-block-column is-layout-flow wp-block-column-is-layout-flow\" style=\"flex-basis:50%\">\n<figure class=\"wp-block-image size-full\"><img loading=\"lazy\" decoding=\"async\" width=\"480\" height=\"678\" src=\"https:\/\/raulavellaneda.de\/wp-content\/uploads\/web-0044-1.jpg\" alt=\"\" class=\"wp-image-5080\" srcset=\"https:\/\/raulavellaneda.de\/wp-content\/uploads\/web-0044-1.jpg 480w, https:\/\/raulavellaneda.de\/wp-content\/uploads\/web-0044-1-212x300.jpg 212w\" sizes=\"auto, (max-width: 480px) 85vw, 480px\" \/><\/figure>\n\n\n\n<div style=\"height:100px\" aria-hidden=\"true\" class=\"wp-block-spacer\"><\/div>\n<\/div>\n<\/div>\n\n\n\n<p>Fotos: Ra\u00fal Avellaneda und Sergio Zevallos<\/p>\n\n\n\n<div style=\"height:120px\" aria-hidden=\"true\" class=\"wp-block-spacer\"><\/div>\n\n\n\n<h6 class=\"wp-block-heading\">Ausstellung in der Galerie Inge Baecker, November 1992 &#8211; Januar 1993, K\u00f6ln, Deutschland<\/h6>\n\n\n\n<div style=\"height:20px\" aria-hidden=\"true\" class=\"wp-block-spacer\"><\/div>\n\n\n\n<div class=\"wp-block-columns is-layout-flex wp-container-core-columns-is-layout-9d6595d7 wp-block-columns-is-layout-flex\">\n<div class=\"wp-block-column is-layout-flow wp-block-column-is-layout-flow\"><div class=\"wp-block-image\">\n<figure class=\"aligncenter size-full is-resized\"><img loading=\"lazy\" decoding=\"async\" width=\"480\" height=\"681\" src=\"https:\/\/raulavellaneda.de\/wp-content\/uploads\/web-0051-2.jpg\" alt=\"\" class=\"wp-image-5081\" style=\"width:364px\" srcset=\"https:\/\/raulavellaneda.de\/wp-content\/uploads\/web-0051-2.jpg 480w, https:\/\/raulavellaneda.de\/wp-content\/uploads\/web-0051-2-211x300.jpg 211w\" sizes=\"auto, (max-width: 480px) 85vw, 480px\" \/><figcaption class=\"wp-element-caption\">Galerie Inge Baecker in K\u00f6ln, 1992<\/figcaption><\/figure>\n<\/div><\/div>\n<\/div>\n\n\n\n<div style=\"height:100px\" aria-hidden=\"true\" class=\"wp-block-spacer\"><\/div>\n\n\n<div class=\"wp-block-image\">\n<figure class=\"aligncenter size-full is-resized\"><img loading=\"lazy\" decoding=\"async\" width=\"480\" height=\"723\" src=\"https:\/\/raulavellaneda.de\/wp-content\/uploads\/web-0052-2.jpg\" alt=\"\" class=\"wp-image-5085\" style=\"width:364px\" srcset=\"https:\/\/raulavellaneda.de\/wp-content\/uploads\/web-0052-2.jpg 480w, https:\/\/raulavellaneda.de\/wp-content\/uploads\/web-0052-2-199x300.jpg 199w\" sizes=\"auto, (max-width: 480px) 85vw, 480px\" \/><figcaption class=\"wp-element-caption\">Ausstellung &#8222;Portraits eines Generals&#8220; im R\u00f6merturm der Galerie Inge Baecker, K\u00f6ln, 1992<\/figcaption><\/figure>\n<\/div>\n\n\n<div style=\"height:120px\" aria-hidden=\"true\" class=\"wp-block-spacer\"><\/div>\n\n\n\n<figure class=\"wp-block-image size-full\"><img loading=\"lazy\" decoding=\"async\" width=\"840\" height=\"563\" src=\"https:\/\/raulavellaneda.de\/wp-content\/uploads\/web-0053-2.jpg\" alt=\"\" class=\"wp-image-5087\" srcset=\"https:\/\/raulavellaneda.de\/wp-content\/uploads\/web-0053-2.jpg 840w, https:\/\/raulavellaneda.de\/wp-content\/uploads\/web-0053-2-300x201.jpg 300w, https:\/\/raulavellaneda.de\/wp-content\/uploads\/web-0053-2-768x515.jpg 768w\" sizes=\"auto, (max-width: 709px) 85vw, (max-width: 909px) 67vw, (max-width: 1362px) 62vw, 840px\" \/><\/figure>\n\n\n\n<div style=\"height:120px\" aria-hidden=\"true\" class=\"wp-block-spacer\"><\/div>\n\n\n\n<div class=\"wp-block-columns is-layout-flex wp-container-core-columns-is-layout-9d6595d7 wp-block-columns-is-layout-flex\">\n<div class=\"wp-block-column is-layout-flow wp-block-column-is-layout-flow\">\n<figure class=\"wp-block-image size-full\"><img loading=\"lazy\" decoding=\"async\" width=\"480\" height=\"694\" src=\"https:\/\/raulavellaneda.de\/wp-content\/uploads\/web-0054-1.jpg\" alt=\"\" class=\"wp-image-5088\" srcset=\"https:\/\/raulavellaneda.de\/wp-content\/uploads\/web-0054-1.jpg 480w, https:\/\/raulavellaneda.de\/wp-content\/uploads\/web-0054-1-207x300.jpg 207w\" sizes=\"auto, (max-width: 480px) 85vw, 480px\" \/><figcaption class=\"wp-element-caption\">&#8222;General I&#8220;,   Kohle, Pastellkreide und Knochenleim auf Papier , 45,5 x 65,5cm, 1991<\/figcaption><\/figure>\n<\/div>\n\n\n\n<div class=\"wp-block-column is-layout-flow wp-block-column-is-layout-flow\">\n<figure class=\"wp-block-image size-full\"><img loading=\"lazy\" decoding=\"async\" width=\"480\" height=\"701\" src=\"https:\/\/raulavellaneda.de\/wp-content\/uploads\/web-0055-2.jpg\" alt=\"\" class=\"wp-image-5089\" srcset=\"https:\/\/raulavellaneda.de\/wp-content\/uploads\/web-0055-2.jpg 480w, https:\/\/raulavellaneda.de\/wp-content\/uploads\/web-0055-2-205x300.jpg 205w\" sizes=\"auto, (max-width: 480px) 85vw, 480px\" \/><figcaption class=\"wp-element-caption\">&#8222;General II&#8220;,  Kohle, Pastellkreide und Knochenleim, 45,5 x 65,5cm, 1991<\/figcaption><\/figure>\n<\/div>\n<\/div>\n\n\n\n<div style=\"height:120px\" aria-hidden=\"true\" class=\"wp-block-spacer\"><\/div>\n\n\n\n<div class=\"wp-block-columns is-layout-flex wp-container-core-columns-is-layout-9d6595d7 wp-block-columns-is-layout-flex\">\n<div class=\"wp-block-column is-layout-flow wp-block-column-is-layout-flow\">\n<figure class=\"wp-block-image size-full\"><img loading=\"lazy\" decoding=\"async\" width=\"480\" height=\"693\" src=\"https:\/\/raulavellaneda.de\/wp-content\/uploads\/web-0056-1.jpg\" alt=\"\" class=\"wp-image-5090\" srcset=\"https:\/\/raulavellaneda.de\/wp-content\/uploads\/web-0056-1.jpg 480w, https:\/\/raulavellaneda.de\/wp-content\/uploads\/web-0056-1-208x300.jpg 208w\" sizes=\"auto, (max-width: 480px) 85vw, 480px\" \/><figcaption class=\"wp-element-caption\">&#8222;General III&#8220; Kohle, Pastellkreide, Tinte und Knochenleim, 45,5 x 65,5cm, 1991<\/figcaption><\/figure>\n<\/div>\n\n\n\n<div class=\"wp-block-column is-layout-flow wp-block-column-is-layout-flow\">\n<figure class=\"wp-block-image size-full\"><img loading=\"lazy\" decoding=\"async\" width=\"480\" height=\"695\" src=\"https:\/\/raulavellaneda.de\/wp-content\/uploads\/web-0057-1.jpg\" alt=\"\" class=\"wp-image-5091\" srcset=\"https:\/\/raulavellaneda.de\/wp-content\/uploads\/web-0057-1.jpg 480w, https:\/\/raulavellaneda.de\/wp-content\/uploads\/web-0057-1-207x300.jpg 207w\" sizes=\"auto, (max-width: 480px) 85vw, 480px\" \/><figcaption class=\"wp-element-caption\">&#8222;General IV&#8220;,  Kohle, Pastellkreide und Knochenleim, 45,5 x 65,5cm, 1991<\/figcaption><\/figure>\n<\/div>\n<\/div>\n\n\n\n<div style=\"height:120px\" aria-hidden=\"true\" class=\"wp-block-spacer\"><\/div>\n\n\n<div class=\"wp-block-image\">\n<figure class=\"aligncenter size-full\"><img loading=\"lazy\" decoding=\"async\" width=\"480\" height=\"642\" src=\"https:\/\/raulavellaneda.de\/wp-content\/uploads\/web-0063-1.jpg\" alt=\"\" class=\"wp-image-5092\" srcset=\"https:\/\/raulavellaneda.de\/wp-content\/uploads\/web-0063-1.jpg 480w, https:\/\/raulavellaneda.de\/wp-content\/uploads\/web-0063-1-224x300.jpg 224w\" sizes=\"auto, (max-width: 480px) 85vw, 480px\" \/><figcaption class=\"wp-element-caption\"><em>Unterschriebene Genehmigung des Generals f\u00fcr die Ver\u00f6ffentlichung aller auf das Portrait bezogenen Dokumentationen, Lima, 1987<\/em><\/figcaption><\/figure>\n<\/div>\n\n\n<p class=\"has-text-align-center has-medium-font-size\"><a href=\"https:\/\/raulavellaneda.de\/?page_id=1337\">Werke<\/a><\/p>\n","protected":false},"excerpt":{"rendered":"<p>Jos\u00e9 del Carmen Cabrejos Mej\u00eda wurde 1907 in einer entlegenen peruanischen Provinz geboren. Nach einer langen Laufbahn an der Milit\u00e4rakademie \u00fcbernahm er das Ministerium f\u00fcr die Entwicklung und F\u00f6rderung des Bauwesens in Lima. 1964 wurde er zum Oberkommandierenden der peruanischen Streitkr\u00e4fte ernannt. W\u00e4hrend seiner aktiven Dienstzeit setzte er sich die Bek\u00e4mpfung der aufkommenden Guerilla-Bewegung in &hellip; <a href=\"https:\/\/raulavellaneda.de\/?page_id=5056\" class=\"more-link\"><span class=\"screen-reader-text\">\u201e&#8222;Portrait eines Generals&#8220;\u201c<\/span> weiterlesen<\/a><\/p>\n","protected":false},"author":1,"featured_media":0,"parent":0,"menu_order":0,"comment_status":"closed","ping_status":"closed","template":"","meta":{"footnotes":""},"class_list":["post-5056","page","type-page","status-publish","hentry"],"_links":{"self":[{"href":"https:\/\/raulavellaneda.de\/index.php?rest_route=\/wp\/v2\/pages\/5056","targetHints":{"allow":["GET"]}}],"collection":[{"href":"https:\/\/raulavellaneda.de\/index.php?rest_route=\/wp\/v2\/pages"}],"about":[{"href":"https:\/\/raulavellaneda.de\/index.php?rest_route=\/wp\/v2\/types\/page"}],"author":[{"embeddable":true,"href":"https:\/\/raulavellaneda.de\/index.php?rest_route=\/wp\/v2\/users\/1"}],"replies":[{"embeddable":true,"href":"https:\/\/raulavellaneda.de\/index.php?rest_route=%2Fwp%2Fv2%2Fcomments&post=5056"}],"version-history":[{"count":10,"href":"https:\/\/raulavellaneda.de\/index.php?rest_route=\/wp\/v2\/pages\/5056\/revisions"}],"predecessor-version":[{"id":5145,"href":"https:\/\/raulavellaneda.de\/index.php?rest_route=\/wp\/v2\/pages\/5056\/revisions\/5145"}],"wp:attachment":[{"href":"https:\/\/raulavellaneda.de\/index.php?rest_route=%2Fwp%2Fv2%2Fmedia&parent=5056"}],"curies":[{"name":"wp","href":"https:\/\/api.w.org\/{rel}","templated":true}]}}