{"id":2353,"date":"2023-12-12T18:22:31","date_gmt":"2023-12-12T17:22:31","guid":{"rendered":"https:\/\/raulavellaneda.de\/?page_id=2353"},"modified":"2024-03-01T16:38:45","modified_gmt":"2024-03-01T15:38:45","slug":"die-wirklichkeit-und-das-verlangen-2","status":"publish","type":"page","link":"https:\/\/raulavellaneda.de\/?page_id=2353","title":{"rendered":"&#8222;Die Wirklichkeit und das Verlangen&#8220;"},"content":{"rendered":"\n<p class=\"has-medium-font-size\">Anregungen vom Gedichtband &#8222;La Realidad y el Deseo&#8220; (Die Wirklichkeit und das Verlangen) des spanischer Dichters Luis Cernuda. Materialmeditationen  &#8211; autobiographische Ikonen &#8211; \u00fcber symbolische Bildelemente: ein Kindheitsfoto, das Bildnis seiner Mutter (kurz vor ihrem Tod), eine Aufnahme von seinem eigenen K\u00f6rper, volkst\u00fcmliche peruanische Motive.<\/p>\n\n\n\n<div style=\"height:20px\" aria-hidden=\"true\" class=\"wp-block-spacer\"><\/div>\n\n\n\n<div class=\"wp-block-media-text is-stacked-on-mobile\"><figure class=\"wp-block-media-text__media\"><img loading=\"lazy\" decoding=\"async\" width=\"761\" height=\"1024\" src=\"https:\/\/raulavellaneda.de\/wp-content\/uploads\/0-5-761x1024.jpg\" alt=\"\" class=\"wp-image-3898 size-full\" srcset=\"https:\/\/raulavellaneda.de\/wp-content\/uploads\/0-5-761x1024.jpg 761w, https:\/\/raulavellaneda.de\/wp-content\/uploads\/0-5-223x300.jpg 223w, https:\/\/raulavellaneda.de\/wp-content\/uploads\/0-5-768x1034.jpg 768w, https:\/\/raulavellaneda.de\/wp-content\/uploads\/0-5-1141x1536.jpg 1141w, https:\/\/raulavellaneda.de\/wp-content\/uploads\/0-5-1521x2048.jpg 1521w, https:\/\/raulavellaneda.de\/wp-content\/uploads\/0-5-1200x1616.jpg 1200w, https:\/\/raulavellaneda.de\/wp-content\/uploads\/0-5-scaled.jpg 1901w\" sizes=\"auto, (max-width: 761px) 85vw, 761px\" \/><\/figure><div class=\"wp-block-media-text__content\">\n<p>Verwendete Vorlage f\u00fcr die Serie &#8222;Die Wirklichkeit und das Verlangen&#8220;<\/p>\n\n\n\n<p>Ra\u00fal Avellaneda am Tag seiner ersten Kommunion, 1969<\/p>\n<\/div><\/div>\n\n\n\n<div style=\"height:120px\" aria-hidden=\"true\" class=\"wp-block-spacer\"><\/div>\n\n\n<div class=\"wp-block-image\">\n<figure class=\"aligncenter size-full\"><img loading=\"lazy\" decoding=\"async\" width=\"480\" height=\"661\" src=\"https:\/\/raulavellaneda.de\/wp-content\/uploads\/web-IMG_9755-neu-1-2.jpg\" alt=\"\" class=\"wp-image-2930\" srcset=\"https:\/\/raulavellaneda.de\/wp-content\/uploads\/web-IMG_9755-neu-1-2.jpg 480w, https:\/\/raulavellaneda.de\/wp-content\/uploads\/web-IMG_9755-neu-1-2-218x300.jpg 218w\" sizes=\"auto, (max-width: 480px) 85vw, 480px\" \/><figcaption class=\"wp-element-caption\">Aus der Serie &#8222;Die Wirklichkeit und das Verlangen&#8220;, Assemblage, 37,5 x 53 x 5,5 cm, 1983 &#8211; 1984<\/figcaption><\/figure>\n<\/div>\n\n\n<div style=\"height:120px\" aria-hidden=\"true\" class=\"wp-block-spacer\"><\/div>\n\n\n\n<div class=\"wp-block-columns is-layout-flex wp-container-core-columns-is-layout-9d6595d7 wp-block-columns-is-layout-flex\">\n<div class=\"wp-block-column is-layout-flow wp-block-column-is-layout-flow\">\n<figure class=\"wp-block-image size-full is-resized\"><img loading=\"lazy\" decoding=\"async\" width=\"480\" height=\"681\" src=\"https:\/\/raulavellaneda.de\/wp-content\/uploads\/web-IMG_9754neu.jpg\" alt=\"\" class=\"wp-image-2932\" style=\"width:350px\" srcset=\"https:\/\/raulavellaneda.de\/wp-content\/uploads\/web-IMG_9754neu.jpg 480w, https:\/\/raulavellaneda.de\/wp-content\/uploads\/web-IMG_9754neu-211x300.jpg 211w\" sizes=\"auto, (max-width: 480px) 85vw, 480px\" \/><figcaption class=\"wp-element-caption\">Aus der Serie &#8222;Die Wirklichkeit und das Verlangen&#8220;, (er wusste es und er wusste es genau) Assemblage, 37,5 x 53 x 5,5 cm, 1983 &#8211; 1984<\/figcaption><\/figure>\n<\/div>\n\n\n\n<div class=\"wp-block-column is-layout-flow wp-block-column-is-layout-flow\">\n<figure class=\"wp-block-image size-full is-resized\"><img loading=\"lazy\" decoding=\"async\" width=\"480\" height=\"672\" src=\"https:\/\/raulavellaneda.de\/wp-content\/uploads\/web-Rahmen-IMG_9317-1.jpg\" alt=\"\" class=\"wp-image-2933\" style=\"width:350px\" srcset=\"https:\/\/raulavellaneda.de\/wp-content\/uploads\/web-Rahmen-IMG_9317-1.jpg 480w, https:\/\/raulavellaneda.de\/wp-content\/uploads\/web-Rahmen-IMG_9317-1-214x300.jpg 214w\" sizes=\"auto, (max-width: 480px) 85vw, 480px\" \/><figcaption class=\"wp-element-caption\">Aus der Serie &#8222;Die Wirklichkeit und das Verlangen&#8220;, (unser n\u00e4chtliches Brot gib uns heute) Assemblage, 37,5 x 53 x 5,5 cm, 1983 &#8211; 1984<\/figcaption><\/figure>\n<\/div>\n<\/div>\n\n\n\n<div style=\"height:120px\" aria-hidden=\"true\" class=\"wp-block-spacer\"><\/div>\n\n\n\n<div class=\"wp-block-columns is-layout-flex wp-container-core-columns-is-layout-9d6595d7 wp-block-columns-is-layout-flex\">\n<div class=\"wp-block-column is-layout-flow wp-block-column-is-layout-flow\">\n<figure class=\"wp-block-image size-full is-resized\"><img loading=\"lazy\" decoding=\"async\" width=\"480\" height=\"674\" src=\"https:\/\/raulavellaneda.de\/wp-content\/uploads\/web-IMG_9714-2-1.jpg\" alt=\"\" class=\"wp-image-2934\" style=\"width:350px\" srcset=\"https:\/\/raulavellaneda.de\/wp-content\/uploads\/web-IMG_9714-2-1.jpg 480w, https:\/\/raulavellaneda.de\/wp-content\/uploads\/web-IMG_9714-2-1-214x300.jpg 214w\" sizes=\"auto, (max-width: 480px) 85vw, 480px\" \/><figcaption class=\"wp-element-caption\">Aus der Serie &#8222;Die Wirklichkeit und das Verlangen&#8220;, Assemblage, 37,5 x 53 x 5,5 cm, 1983 &#8211; 1984<\/figcaption><\/figure>\n<\/div>\n\n\n\n<div class=\"wp-block-column is-layout-flow wp-block-column-is-layout-flow\">\n<figure class=\"wp-block-image size-full is-resized\"><img loading=\"lazy\" decoding=\"async\" width=\"480\" height=\"681\" src=\"https:\/\/raulavellaneda.de\/wp-content\/uploads\/web-IMG_9750neu-.jpg\" alt=\"\" class=\"wp-image-2935\" style=\"width:350px\" srcset=\"https:\/\/raulavellaneda.de\/wp-content\/uploads\/web-IMG_9750neu-.jpg 480w, https:\/\/raulavellaneda.de\/wp-content\/uploads\/web-IMG_9750neu--211x300.jpg 211w\" sizes=\"auto, (max-width: 480px) 85vw, 480px\" \/><figcaption class=\"wp-element-caption\">Aus der Serie &#8222;Die Wirklichkeit und das Verlangen&#8220;, Assemblage, 37,5 x 53 x 5,5 cm, 1983 &#8211; 1984<\/figcaption><\/figure>\n<\/div>\n<\/div>\n\n\n\n<div style=\"height:120px\" aria-hidden=\"true\" class=\"wp-block-spacer\"><\/div>\n\n\n<div class=\"wp-block-image\">\n<figure class=\"aligncenter size-full\"><img loading=\"lazy\" decoding=\"async\" width=\"480\" height=\"670\" src=\"https:\/\/raulavellaneda.de\/wp-content\/uploads\/web-IMG_9713-2-2.jpg\" alt=\"\" class=\"wp-image-2940\" srcset=\"https:\/\/raulavellaneda.de\/wp-content\/uploads\/web-IMG_9713-2-2.jpg 480w, https:\/\/raulavellaneda.de\/wp-content\/uploads\/web-IMG_9713-2-2-215x300.jpg 215w\" sizes=\"auto, (max-width: 480px) 85vw, 480px\" \/><figcaption class=\"wp-element-caption\">Aus der Serie &#8222;Die Wirklichkeit und das Verlangen&#8220;, Assemblage, 37,5 x 53 x 5,5 cm, 1983 &#8211; 1984<\/figcaption><\/figure>\n<\/div>\n\n\n<div style=\"height:120px\" aria-hidden=\"true\" class=\"wp-block-spacer\"><\/div>\n\n\n\n<div class=\"wp-block-columns is-layout-flex wp-container-core-columns-is-layout-9d6595d7 wp-block-columns-is-layout-flex\">\n<div class=\"wp-block-column is-layout-flow wp-block-column-is-layout-flow\"><div class=\"wp-block-image\">\n<figure class=\"aligncenter size-full is-resized\"><img loading=\"lazy\" decoding=\"async\" width=\"480\" height=\"678\" src=\"https:\/\/raulavellaneda.de\/wp-content\/uploads\/web-IMG_9696-2.jpg\" alt=\"\" class=\"wp-image-2937\" style=\"width:350px\" srcset=\"https:\/\/raulavellaneda.de\/wp-content\/uploads\/web-IMG_9696-2.jpg 480w, https:\/\/raulavellaneda.de\/wp-content\/uploads\/web-IMG_9696-2-212x300.jpg 212w\" sizes=\"auto, (max-width: 480px) 85vw, 480px\" \/><figcaption class=\"wp-element-caption\">Aus der Serie &#8222;Die Wirklichkeit und das Verlangen&#8220;, (pl\u00f6tzlich zerbrochene Litaneien), Assemblage, 37,5 x 53 x 5,5 cm, 1983 &#8211; 1984<\/figcaption><\/figure>\n<\/div><\/div>\n\n\n\n<div class=\"wp-block-column is-layout-flow wp-block-column-is-layout-flow\"><div class=\"wp-block-image\">\n<figure class=\"aligncenter size-full is-resized\"><img loading=\"lazy\" decoding=\"async\" width=\"480\" height=\"670\" src=\"https:\/\/raulavellaneda.de\/wp-content\/uploads\/web-IMG_9730-neu-1.jpg\" alt=\"\" class=\"wp-image-2936\" style=\"width:350px\" srcset=\"https:\/\/raulavellaneda.de\/wp-content\/uploads\/web-IMG_9730-neu-1.jpg 480w, https:\/\/raulavellaneda.de\/wp-content\/uploads\/web-IMG_9730-neu-1-215x300.jpg 215w\" sizes=\"auto, (max-width: 480px) 85vw, 480px\" \/><figcaption class=\"wp-element-caption\">Aus der Serie &#8222;Die Wirklichkeit und das Verlangen&#8220;, Assemblage, 37,5 x 53 x 5,5 cm, 1983 &#8211; 1984<\/figcaption><\/figure>\n<\/div><\/div>\n<\/div>\n\n\n\n<div style=\"height:120px\" aria-hidden=\"true\" class=\"wp-block-spacer\"><\/div>\n\n\n<div class=\"wp-block-image\">\n<figure class=\"aligncenter size-full\"><img loading=\"lazy\" decoding=\"async\" width=\"480\" height=\"682\" src=\"https:\/\/raulavellaneda.de\/wp-content\/uploads\/web-IMG_9688-1.jpg\" alt=\"\" class=\"wp-image-2941\" srcset=\"https:\/\/raulavellaneda.de\/wp-content\/uploads\/web-IMG_9688-1.jpg 480w, https:\/\/raulavellaneda.de\/wp-content\/uploads\/web-IMG_9688-1-211x300.jpg 211w\" sizes=\"auto, (max-width: 480px) 85vw, 480px\" \/><figcaption class=\"wp-element-caption\">Aus der Serie &#8222;Die Wirklichkeit und das Verlangen&#8220;, Assemblage, 37,5 x 53 x 5,5 cm, 1983 &#8211; 1984<\/figcaption><\/figure>\n<\/div>\n\n\n<div style=\"height:120px\" aria-hidden=\"true\" class=\"wp-block-spacer\"><\/div>\n\n\n\n<div class=\"wp-block-columns is-layout-flex wp-container-core-columns-is-layout-9d6595d7 wp-block-columns-is-layout-flex\">\n<div class=\"wp-block-column is-layout-flow wp-block-column-is-layout-flow\"><div class=\"wp-block-image\">\n<figure class=\"aligncenter size-full is-resized\"><img loading=\"lazy\" decoding=\"async\" width=\"480\" height=\"674\" src=\"https:\/\/raulavellaneda.de\/wp-content\/uploads\/web-IMG_9706-2-2.jpg\" alt=\"\" class=\"wp-image-2943\" style=\"width:350px\" srcset=\"https:\/\/raulavellaneda.de\/wp-content\/uploads\/web-IMG_9706-2-2.jpg 480w, https:\/\/raulavellaneda.de\/wp-content\/uploads\/web-IMG_9706-2-2-214x300.jpg 214w\" sizes=\"auto, (max-width: 480px) 85vw, 480px\" \/><figcaption class=\"wp-element-caption\">Aus der Serie &#8222;Die Wirklichkeit und das Verlangen&#8220;, Assemblage, 37,5 x 53 x 5,5 cm, 1983 &#8211; 1984<\/figcaption><\/figure>\n<\/div><\/div>\n\n\n\n<div class=\"wp-block-column is-layout-flow wp-block-column-is-layout-flow\"><div class=\"wp-block-image\">\n<figure class=\"aligncenter size-full is-resized\"><img loading=\"lazy\" decoding=\"async\" width=\"480\" height=\"666\" src=\"https:\/\/raulavellaneda.de\/wp-content\/uploads\/web-IMG_9698-Kopie-1.jpg\" alt=\"\" class=\"wp-image-2942\" style=\"width:350px\" srcset=\"https:\/\/raulavellaneda.de\/wp-content\/uploads\/web-IMG_9698-Kopie-1.jpg 480w, https:\/\/raulavellaneda.de\/wp-content\/uploads\/web-IMG_9698-Kopie-1-216x300.jpg 216w\" sizes=\"auto, (max-width: 480px) 85vw, 480px\" \/><figcaption class=\"wp-element-caption\">Aus der Serie &#8222;Die Wirklichkeit und das Verlangen&#8220;, Assemblage, 37,5 x 53 x 5,5 cm, 1983 &#8211; 1984<\/figcaption><\/figure>\n<\/div><\/div>\n<\/div>\n\n\n\n<div style=\"height:120px\" aria-hidden=\"true\" class=\"wp-block-spacer\"><\/div>\n\n\n<div class=\"wp-block-image\">\n<figure class=\"aligncenter size-full\"><img loading=\"lazy\" decoding=\"async\" width=\"480\" height=\"674\" src=\"https:\/\/raulavellaneda.de\/wp-content\/uploads\/web-IMG_9760-.jpg\" alt=\"\" class=\"wp-image-2960\" srcset=\"https:\/\/raulavellaneda.de\/wp-content\/uploads\/web-IMG_9760-.jpg 480w, https:\/\/raulavellaneda.de\/wp-content\/uploads\/web-IMG_9760--214x300.jpg 214w\" sizes=\"auto, (max-width: 480px) 85vw, 480px\" \/><figcaption class=\"wp-element-caption\">Aus der Serie &#8222;Die Wirklichkeit und das Verlangen&#8220;, Assemblage, 37,5 x 53 x 5,5 cm, 1983 &#8211; 1984<\/figcaption><\/figure>\n<\/div>\n\n\n<div style=\"height:120px\" aria-hidden=\"true\" class=\"wp-block-spacer\"><\/div>\n\n\n\n<div class=\"wp-block-columns is-layout-flex wp-container-core-columns-is-layout-9d6595d7 wp-block-columns-is-layout-flex\">\n<div class=\"wp-block-column is-layout-flow wp-block-column-is-layout-flow\"><div class=\"wp-block-image\">\n<figure class=\"aligncenter size-full is-resized\"><img loading=\"lazy\" decoding=\"async\" width=\"480\" height=\"681\" src=\"https:\/\/raulavellaneda.de\/wp-content\/uploads\/web-IMG_9687-Kopie-4.jpg\" alt=\"\" class=\"wp-image-2952\" style=\"width:350px\" srcset=\"https:\/\/raulavellaneda.de\/wp-content\/uploads\/web-IMG_9687-Kopie-4.jpg 480w, https:\/\/raulavellaneda.de\/wp-content\/uploads\/web-IMG_9687-Kopie-4-211x300.jpg 211w\" sizes=\"auto, (max-width: 480px) 85vw, 480px\" \/><figcaption class=\"wp-element-caption\">Aus der Serie &#8222;Die Wirklichkeit und das Verlangen&#8220;, Assemblage, 37,5 x 53 x 5,5 cm, 1983 &#8211; 1984<\/figcaption><\/figure>\n<\/div><\/div>\n\n\n\n<div class=\"wp-block-column is-layout-flow wp-block-column-is-layout-flow\"><div class=\"wp-block-image\">\n<figure class=\"aligncenter size-full is-resized\"><img loading=\"lazy\" decoding=\"async\" width=\"480\" height=\"674\" src=\"https:\/\/raulavellaneda.de\/wp-content\/uploads\/web-IMG_9322-1.jpg\" alt=\"\" class=\"wp-image-2945\" style=\"width:350px\" srcset=\"https:\/\/raulavellaneda.de\/wp-content\/uploads\/web-IMG_9322-1.jpg 480w, https:\/\/raulavellaneda.de\/wp-content\/uploads\/web-IMG_9322-1-214x300.jpg 214w\" sizes=\"auto, (max-width: 480px) 85vw, 480px\" \/><figcaption class=\"wp-element-caption\">Aus der Serie &#8222;Die Wirklichkeit und das Verlangen&#8220;, Assemblage, 37,5 x 53 x 5,5 cm, 1983 &#8211; 1984<\/figcaption><\/figure>\n<\/div><\/div>\n<\/div>\n\n\n\n<div style=\"height:120px\" aria-hidden=\"true\" class=\"wp-block-spacer\"><\/div>\n\n\n<div class=\"wp-block-image\">\n<figure class=\"aligncenter size-full\"><img loading=\"lazy\" decoding=\"async\" width=\"480\" height=\"675\" src=\"https:\/\/raulavellaneda.de\/wp-content\/uploads\/web-IMG_9707neu-1-1.jpg\" alt=\"\" class=\"wp-image-2951\" srcset=\"https:\/\/raulavellaneda.de\/wp-content\/uploads\/web-IMG_9707neu-1-1.jpg 480w, https:\/\/raulavellaneda.de\/wp-content\/uploads\/web-IMG_9707neu-1-1-213x300.jpg 213w\" sizes=\"auto, (max-width: 480px) 85vw, 480px\" \/><figcaption class=\"wp-element-caption\">Aus der Serie &#8222;Die Wirklichkeit und das Verlangen&#8220;, Assemblage, 37,5 x 53 x 5,5 cm, 1983 &#8211; 1984<\/figcaption><\/figure>\n<\/div>\n\n\n<div style=\"height:120px\" aria-hidden=\"true\" class=\"wp-block-spacer\"><\/div>\n\n\n\n<div class=\"wp-block-columns is-layout-flex wp-container-core-columns-is-layout-9d6595d7 wp-block-columns-is-layout-flex\">\n<div class=\"wp-block-column is-layout-flow wp-block-column-is-layout-flow\"><div class=\"wp-block-image\">\n<figure class=\"aligncenter size-full is-resized\"><img loading=\"lazy\" decoding=\"async\" width=\"480\" height=\"676\" src=\"https:\/\/raulavellaneda.de\/wp-content\/uploads\/web-IMG_9315-1.jpg\" alt=\"\" class=\"wp-image-2944\" style=\"width:350px\" srcset=\"https:\/\/raulavellaneda.de\/wp-content\/uploads\/web-IMG_9315-1.jpg 480w, https:\/\/raulavellaneda.de\/wp-content\/uploads\/web-IMG_9315-1-213x300.jpg 213w\" sizes=\"auto, (max-width: 480px) 85vw, 480px\" \/><figcaption class=\"wp-element-caption\">Aus der Serie &#8222;Die Wirklichkeit und das Verlangen&#8220;, Assemblage, 37,5 x 53 x 5,5 cm, 1983 &#8211; 1984<\/figcaption><\/figure>\n<\/div><\/div>\n\n\n\n<div class=\"wp-block-column is-layout-flow wp-block-column-is-layout-flow\"><div class=\"wp-block-image\">\n<figure class=\"aligncenter size-full is-resized\"><img loading=\"lazy\" decoding=\"async\" width=\"480\" height=\"669\" src=\"https:\/\/raulavellaneda.de\/wp-content\/uploads\/web-IMG_9320-1-rotated.jpg\" alt=\"\" class=\"wp-image-2947\" style=\"width:350px\" srcset=\"https:\/\/raulavellaneda.de\/wp-content\/uploads\/web-IMG_9320-1-rotated.jpg 480w, https:\/\/raulavellaneda.de\/wp-content\/uploads\/web-IMG_9320-1-215x300.jpg 215w\" sizes=\"auto, (max-width: 480px) 85vw, 480px\" \/><figcaption class=\"wp-element-caption\">Aus der Serie &#8222;Die Wirklichkeit und das Verlangen&#8220;, Assemblage, 37,5 x 53 x 5,5 cm, 1983 &#8211; 1984<\/figcaption><\/figure>\n<\/div><\/div>\n<\/div>\n\n\n\n<div style=\"height:120px\" aria-hidden=\"true\" class=\"wp-block-spacer\"><\/div>\n\n\n<div class=\"wp-block-image\">\n<figure class=\"aligncenter size-full\"><img loading=\"lazy\" decoding=\"async\" width=\"480\" height=\"681\" src=\"https:\/\/raulavellaneda.de\/wp-content\/uploads\/web-IMG_9756neu.jpg\" alt=\"\" class=\"wp-image-2946\" srcset=\"https:\/\/raulavellaneda.de\/wp-content\/uploads\/web-IMG_9756neu.jpg 480w, https:\/\/raulavellaneda.de\/wp-content\/uploads\/web-IMG_9756neu-211x300.jpg 211w\" sizes=\"auto, (max-width: 480px) 85vw, 480px\" \/><figcaption class=\"wp-element-caption\">Aus der Serie &#8222;Die Wirklichkeit und das Verlangen&#8220;, (verlorene schwarze Augen), Assemblage, 37,5 x 53 x 5,5 cm, 1983 &#8211; 1984<\/figcaption><\/figure>\n<\/div>\n\n\n<div style=\"height:120px\" aria-hidden=\"true\" class=\"wp-block-spacer\"><\/div>\n\n\n\n<div class=\"wp-block-columns is-layout-flex wp-container-core-columns-is-layout-9d6595d7 wp-block-columns-is-layout-flex\">\n<div class=\"wp-block-column is-layout-flow wp-block-column-is-layout-flow\"><div class=\"wp-block-image\">\n<figure class=\"aligncenter size-full is-resized\"><img loading=\"lazy\" decoding=\"async\" width=\"480\" height=\"670\" src=\"https:\/\/raulavellaneda.de\/wp-content\/uploads\/web-IMG_9747neu-2.jpg\" alt=\"\" class=\"wp-image-2939\" style=\"width:350px\" srcset=\"https:\/\/raulavellaneda.de\/wp-content\/uploads\/web-IMG_9747neu-2.jpg 480w, https:\/\/raulavellaneda.de\/wp-content\/uploads\/web-IMG_9747neu-2-215x300.jpg 215w\" sizes=\"auto, (max-width: 480px) 85vw, 480px\" \/><figcaption class=\"wp-element-caption\">Aus der Serie &#8222;Die Wirklichkeit und das Verlangen&#8220;, Assemblage, 37,5 x 53 x 5,5 cm, 1983 &#8211; 1984<\/figcaption><\/figure>\n<\/div><\/div>\n\n\n\n<div class=\"wp-block-column is-layout-flow wp-block-column-is-layout-flow\"><div class=\"wp-block-image\">\n<figure class=\"aligncenter size-full is-resized\"><img loading=\"lazy\" decoding=\"async\" width=\"480\" height=\"681\" src=\"https:\/\/raulavellaneda.de\/wp-content\/uploads\/web-IMG_9687-Kopie.jpg\" alt=\"\" class=\"wp-image-2795\" style=\"width:350px\" srcset=\"https:\/\/raulavellaneda.de\/wp-content\/uploads\/web-IMG_9687-Kopie.jpg 480w, https:\/\/raulavellaneda.de\/wp-content\/uploads\/web-IMG_9687-Kopie-211x300.jpg 211w\" sizes=\"auto, (max-width: 480px) 85vw, 480px\" \/><figcaption class=\"wp-element-caption\">Aus der Serie &#8222;Die Wirklichkeit und das Verlangen&#8220;, Assemblage, 37,5 x 53 x 5,5 cm, 1983 &#8211; 1984<\/figcaption><\/figure>\n<\/div><\/div>\n<\/div>\n\n\n\n<div style=\"height:120px\" aria-hidden=\"true\" class=\"wp-block-spacer\"><\/div>\n\n\n<div class=\"wp-block-image\">\n<figure class=\"aligncenter size-full\"><img loading=\"lazy\" decoding=\"async\" width=\"480\" height=\"681\" src=\"https:\/\/raulavellaneda.de\/wp-content\/uploads\/web-IMG_9687-Kopie-Kopie-3.jpg\" alt=\"\" class=\"wp-image-2953\" srcset=\"https:\/\/raulavellaneda.de\/wp-content\/uploads\/web-IMG_9687-Kopie-Kopie-3.jpg 480w, https:\/\/raulavellaneda.de\/wp-content\/uploads\/web-IMG_9687-Kopie-Kopie-3-211x300.jpg 211w\" sizes=\"auto, (max-width: 480px) 85vw, 480px\" \/><figcaption class=\"wp-element-caption\">Aus der Serie &#8222;Die Wirklichkeit und das Verlangen&#8220;, Assemblage, 37,5 x 53 x 5,5 cm, 1983 &#8211; 1984<\/figcaption><\/figure>\n<\/div>\n\n\n<div style=\"height:120px\" aria-hidden=\"true\" class=\"wp-block-spacer\"><\/div>\n\n\n<div class=\"wp-block-image\">\n<figure class=\"aligncenter size-full\"><img loading=\"lazy\" decoding=\"async\" width=\"480\" height=\"670\" src=\"https:\/\/raulavellaneda.de\/wp-content\/uploads\/web-IMG_97401-gut.jpg\" alt=\"\" class=\"wp-image-2948\" srcset=\"https:\/\/raulavellaneda.de\/wp-content\/uploads\/web-IMG_97401-gut.jpg 480w, https:\/\/raulavellaneda.de\/wp-content\/uploads\/web-IMG_97401-gut-215x300.jpg 215w\" sizes=\"auto, (max-width: 480px) 85vw, 480px\" \/><figcaption class=\"wp-element-caption\">Aus der Serie &#8222;Die Wirklichkeit und das Verlangen&#8220;, Assemblage, 37,5 x 53 x 5,5 cm, 1983 &#8211; 1984<\/figcaption><\/figure>\n<\/div>\n\n\n<div style=\"height:120px\" aria-hidden=\"true\" class=\"wp-block-spacer\"><\/div>\n\n\n<div class=\"wp-block-image\">\n<figure class=\"aligncenter size-full\"><img loading=\"lazy\" decoding=\"async\" width=\"480\" height=\"676\" src=\"https:\/\/raulavellaneda.de\/wp-content\/uploads\/web-IMG_9315-Kopie-1.jpg\" alt=\"\" class=\"wp-image-2949\" srcset=\"https:\/\/raulavellaneda.de\/wp-content\/uploads\/web-IMG_9315-Kopie-1.jpg 480w, https:\/\/raulavellaneda.de\/wp-content\/uploads\/web-IMG_9315-Kopie-1-213x300.jpg 213w\" sizes=\"auto, (max-width: 480px) 85vw, 480px\" \/><figcaption class=\"wp-element-caption\">Aus der Serie &#8222;Die Wirklichkeit und das Verlangen&#8220;, Assemblage, 37,5 x 53 x 5,5 cm, 1983 &#8211; 1984<\/figcaption><\/figure>\n<\/div>\n\n\n<div style=\"height:120px\" aria-hidden=\"true\" class=\"wp-block-spacer\"><\/div>\n\n\n\n<div class=\"wp-block-columns is-layout-flex wp-container-core-columns-is-layout-9d6595d7 wp-block-columns-is-layout-flex\">\n<div class=\"wp-block-column is-layout-flow wp-block-column-is-layout-flow\"><div class=\"wp-block-image\">\n<figure class=\"aligncenter size-full is-resized\"><img loading=\"lazy\" decoding=\"async\" width=\"480\" height=\"681\" src=\"https:\/\/raulavellaneda.de\/wp-content\/uploads\/web-IMG_9687-4.jpg\" alt=\"\" class=\"wp-image-2954\" style=\"width:350px\" srcset=\"https:\/\/raulavellaneda.de\/wp-content\/uploads\/web-IMG_9687-4.jpg 480w, https:\/\/raulavellaneda.de\/wp-content\/uploads\/web-IMG_9687-4-211x300.jpg 211w\" sizes=\"auto, (max-width: 480px) 85vw, 480px\" \/><figcaption class=\"wp-element-caption\">Aus der Serie &#8222;Die Wirklichkeit und das Verlangen&#8220;, Assemblage, 37,5 x 53 x 5,5 cm, 1983 &#8211; 1984<\/figcaption><\/figure>\n<\/div><\/div>\n\n\n\n<div class=\"wp-block-column is-layout-flow wp-block-column-is-layout-flow\"><div class=\"wp-block-image\">\n<figure class=\"aligncenter size-full is-resized\"><img loading=\"lazy\" decoding=\"async\" width=\"480\" height=\"666\" src=\"https:\/\/raulavellaneda.de\/wp-content\/uploads\/webIMG_9698-3.jpg\" alt=\"\" class=\"wp-image-2955\" style=\"width:350px\" srcset=\"https:\/\/raulavellaneda.de\/wp-content\/uploads\/webIMG_9698-3.jpg 480w, https:\/\/raulavellaneda.de\/wp-content\/uploads\/webIMG_9698-3-216x300.jpg 216w\" sizes=\"auto, (max-width: 480px) 85vw, 480px\" \/><figcaption class=\"wp-element-caption\">Aus der Serie &#8222;Die Wirklichkeit und das Verlangen&#8220;, Assemblage, 37,5 x 53 x 5,5 cm, 1983 &#8211; 1984<\/figcaption><\/figure>\n<\/div><\/div>\n<\/div>\n\n\n\n<div style=\"height:120px\" aria-hidden=\"true\" class=\"wp-block-spacer\"><\/div>\n\n\n<div class=\"wp-block-image\">\n<figure class=\"aligncenter size-full\"><img loading=\"lazy\" decoding=\"async\" width=\"480\" height=\"670\" src=\"https:\/\/raulavellaneda.de\/wp-content\/uploads\/web-IMG_9737neu-1.jpg\" alt=\"\" class=\"wp-image-2956\" srcset=\"https:\/\/raulavellaneda.de\/wp-content\/uploads\/web-IMG_9737neu-1.jpg 480w, https:\/\/raulavellaneda.de\/wp-content\/uploads\/web-IMG_9737neu-1-215x300.jpg 215w\" sizes=\"auto, (max-width: 480px) 85vw, 480px\" \/><figcaption class=\"wp-element-caption\">Aus der Serie &#8222;Die Wirklichkeit und das Verlangen&#8220;, (Verlangen), Assemblage, 37,5 x 53 x 5,5 cm, 1983 &#8211; 1984<\/figcaption><\/figure>\n<\/div>\n\n\n<div style=\"height:120px\" aria-hidden=\"true\" class=\"wp-block-spacer\"><\/div>\n\n\n<div class=\"wp-block-image\">\n<figure class=\"aligncenter size-full\"><img loading=\"lazy\" decoding=\"async\" width=\"480\" height=\"670\" src=\"https:\/\/raulavellaneda.de\/wp-content\/uploads\/web-IMG_9758neu.jpg\" alt=\"\" class=\"wp-image-2957\" srcset=\"https:\/\/raulavellaneda.de\/wp-content\/uploads\/web-IMG_9758neu.jpg 480w, https:\/\/raulavellaneda.de\/wp-content\/uploads\/web-IMG_9758neu-215x300.jpg 215w\" sizes=\"auto, (max-width: 480px) 85vw, 480px\" \/><figcaption class=\"wp-element-caption\">Aus der Serie &#8222;Die Wirklichkeit und das Verlangen&#8220;, (fr\u00fcher oder sp\u00e4ter), Assemblage, 37,5 x 53 x 5,5 cm, 1983 &#8211; 1984<\/figcaption><\/figure>\n<\/div>\n\n\n<div style=\"height:120px\" aria-hidden=\"true\" class=\"wp-block-spacer\"><\/div>\n\n\n<div class=\"wp-block-image\">\n<figure class=\"aligncenter size-full\"><img loading=\"lazy\" decoding=\"async\" width=\"480\" height=\"670\" src=\"https:\/\/raulavellaneda.de\/wp-content\/uploads\/web-IMG_9731neu-.jpg\" alt=\"\" class=\"wp-image-2958\" srcset=\"https:\/\/raulavellaneda.de\/wp-content\/uploads\/web-IMG_9731neu-.jpg 480w, https:\/\/raulavellaneda.de\/wp-content\/uploads\/web-IMG_9731neu--215x300.jpg 215w\" sizes=\"auto, (max-width: 480px) 85vw, 480px\" \/><figcaption class=\"wp-element-caption\">Aus der Serie &#8222;Die Wirklichkeit und das Verlangen&#8220;, Assemblage, 37,5 x 53 x 5,5 cm, 1983 &#8211; 1984<\/figcaption><\/figure>\n<\/div>\n\n\n<div style=\"height:120px\" aria-hidden=\"true\" class=\"wp-block-spacer\"><\/div>\n\n\n<div class=\"wp-block-image\">\n<figure class=\"aligncenter size-full\"><img loading=\"lazy\" decoding=\"async\" width=\"480\" height=\"670\" src=\"https:\/\/raulavellaneda.de\/wp-content\/uploads\/web-IMG_9745neu.jpg\" alt=\"\" class=\"wp-image-2959\" srcset=\"https:\/\/raulavellaneda.de\/wp-content\/uploads\/web-IMG_9745neu.jpg 480w, https:\/\/raulavellaneda.de\/wp-content\/uploads\/web-IMG_9745neu-215x300.jpg 215w\" sizes=\"auto, (max-width: 480px) 85vw, 480px\" \/><figcaption class=\"wp-element-caption\">Aus der Serie &#8222;Die Wirklichkeit und das Verlangen&#8220;, (alles ist erlaubt mit dem Menschen), Assemblage, 37,5 x 53 x 5,5 cm, 1983 &#8211; 1984<\/figcaption><\/figure>\n<\/div>\n\n\n<div style=\"height:10px\" aria-hidden=\"true\" class=\"wp-block-spacer\"><\/div>\n\n\n\n<p class=\"has-text-align-center has-medium-font-size\"><a href=\"https:\/\/raulavellaneda.de\/?page_id=1337\">Werke<\/a><\/p>\n","protected":false},"excerpt":{"rendered":"<p>Anregungen vom Gedichtband &#8222;La Realidad y el Deseo&#8220; (Die Wirklichkeit und das Verlangen) des spanischer Dichters Luis Cernuda. Materialmeditationen &#8211; autobiographische Ikonen &#8211; \u00fcber symbolische Bildelemente: ein Kindheitsfoto, das Bildnis seiner Mutter (kurz vor ihrem Tod), eine Aufnahme von seinem eigenen K\u00f6rper, volkst\u00fcmliche peruanische Motive. Verwendete Vorlage f\u00fcr die Serie &#8222;Die Wirklichkeit und das Verlangen&#8220; &hellip; <a href=\"https:\/\/raulavellaneda.de\/?page_id=2353\" class=\"more-link\"><span class=\"screen-reader-text\">\u201e&#8222;Die Wirklichkeit und das Verlangen&#8220;\u201c<\/span> weiterlesen<\/a><\/p>\n","protected":false},"author":1,"featured_media":0,"parent":0,"menu_order":0,"comment_status":"closed","ping_status":"closed","template":"","meta":{"footnotes":""},"class_list":["post-2353","page","type-page","status-publish","hentry"],"_links":{"self":[{"href":"https:\/\/raulavellaneda.de\/index.php?rest_route=\/wp\/v2\/pages\/2353","targetHints":{"allow":["GET"]}}],"collection":[{"href":"https:\/\/raulavellaneda.de\/index.php?rest_route=\/wp\/v2\/pages"}],"about":[{"href":"https:\/\/raulavellaneda.de\/index.php?rest_route=\/wp\/v2\/types\/page"}],"author":[{"embeddable":true,"href":"https:\/\/raulavellaneda.de\/index.php?rest_route=\/wp\/v2\/users\/1"}],"replies":[{"embeddable":true,"href":"https:\/\/raulavellaneda.de\/index.php?rest_route=%2Fwp%2Fv2%2Fcomments&post=2353"}],"version-history":[{"count":50,"href":"https:\/\/raulavellaneda.de\/index.php?rest_route=\/wp\/v2\/pages\/2353\/revisions"}],"predecessor-version":[{"id":4857,"href":"https:\/\/raulavellaneda.de\/index.php?rest_route=\/wp\/v2\/pages\/2353\/revisions\/4857"}],"wp:attachment":[{"href":"https:\/\/raulavellaneda.de\/index.php?rest_route=%2Fwp%2Fv2%2Fmedia&parent=2353"}],"curies":[{"name":"wp","href":"https:\/\/api.w.org\/{rel}","templated":true}]}}