{"id":2174,"date":"2023-12-07T22:35:23","date_gmt":"2023-12-07T21:35:23","guid":{"rendered":"https:\/\/raulavellaneda.de\/?page_id=2174"},"modified":"2024-03-11T22:31:45","modified_gmt":"2024-03-11T21:31:45","slug":"der-schwanzenkoenig","status":"publish","type":"page","link":"https:\/\/raulavellaneda.de\/?page_id=2174","title":{"rendered":"&#8222;Ohnmacht der K\u00f6nige&#8220;"},"content":{"rendered":"\n<div style=\"height:20px\" aria-hidden=\"true\" class=\"wp-block-spacer\"><\/div>\n\n\n\n<p>In der Pastellserie &#8220; Ohnmacht der K\u00f6nige&#8220;, verarbeitete ich den inneren Kampf, dem die homosexuellen M\u00e4nner in Lima, in den siebziger Jahren, ausgesetzt waren. <\/p>\n\n\n\n<p>Die  K\u00f6nige wurden von heiligen Geistern verfolgt und gequ\u00e4lt, der <em>Saft des Lebens<\/em> sollte verschwendet werden, um erb\u00e4rmlich zu verenden. <\/p>\n\n\n\n<div style=\"height:20px\" aria-hidden=\"true\" class=\"wp-block-spacer\"><\/div>\n\n\n<div class=\"wp-block-image\">\n<figure class=\"aligncenter size-full\"><img loading=\"lazy\" decoding=\"async\" width=\"480\" height=\"589\" src=\"https:\/\/raulavellaneda.de\/wp-content\/uploads\/web-IMG_0631-30-x-375-.jpg\" alt=\"\" class=\"wp-image-3708\" srcset=\"https:\/\/raulavellaneda.de\/wp-content\/uploads\/web-IMG_0631-30-x-375-.jpg 480w, https:\/\/raulavellaneda.de\/wp-content\/uploads\/web-IMG_0631-30-x-375--244x300.jpg 244w\" sizes=\"auto, (max-width: 480px) 85vw, 480px\" \/><figcaption class=\"wp-element-caption\">Aus dem Zyklus &#8222;Ohnmacht der K\u00f6nige&#8220; I, Pastellkreide auf Papier, Fotokopien und Bilder aus  Zeitschriften, 36 x 50cm, 1983<\/figcaption><\/figure>\n<\/div>\n\n\n<div style=\"height:120px\" aria-hidden=\"true\" class=\"wp-block-spacer\"><\/div>\n\n\n<div class=\"wp-block-image\">\n<figure class=\"aligncenter size-full\"><img loading=\"lazy\" decoding=\"async\" width=\"480\" height=\"659\" src=\"https:\/\/raulavellaneda.de\/wp-content\/uploads\/web-IMG_0850.jpg\" alt=\"\" class=\"wp-image-3699\" srcset=\"https:\/\/raulavellaneda.de\/wp-content\/uploads\/web-IMG_0850.jpg 480w, https:\/\/raulavellaneda.de\/wp-content\/uploads\/web-IMG_0850-219x300.jpg 219w\" sizes=\"auto, (max-width: 480px) 85vw, 480px\" \/><figcaption class=\"wp-element-caption\">Aus dem Zyklus &#8222;Ohnmacht der K\u00f6nige&#8220; II, Pastellkreide auf Papier, Fotokopien, Zeitschriftbilder und Todesanzeige, 36 x 50cm, 1983<\/figcaption><\/figure>\n<\/div>\n\n\n<div style=\"height:120px\" aria-hidden=\"true\" class=\"wp-block-spacer\"><\/div>\n\n\n\n<div class=\"wp-block-columns is-layout-flex wp-container-core-columns-is-layout-9d6595d7 wp-block-columns-is-layout-flex\">\n<div class=\"wp-block-column is-layout-flow wp-block-column-is-layout-flow\">\n<figure class=\"wp-block-image size-full\"><img loading=\"lazy\" decoding=\"async\" width=\"480\" height=\"663\" src=\"https:\/\/raulavellaneda.de\/wp-content\/uploads\/web-IMG_0656-243-x-35-.jpg\" alt=\"\" class=\"wp-image-3709\" srcset=\"https:\/\/raulavellaneda.de\/wp-content\/uploads\/web-IMG_0656-243-x-35-.jpg 480w, https:\/\/raulavellaneda.de\/wp-content\/uploads\/web-IMG_0656-243-x-35--217x300.jpg 217w\" sizes=\"auto, (max-width: 480px) 85vw, 480px\" \/><figcaption class=\"wp-element-caption\">Aus dem Zyklus &#8222;Ohnmacht der K\u00f6nige&#8220; III, Pastellkreide auf Papier, 24,3  x 35cm, 1983<\/figcaption><\/figure>\n<\/div>\n\n\n\n<div class=\"wp-block-column is-layout-flow wp-block-column-is-layout-flow\">\n<figure class=\"wp-block-image size-full\"><img loading=\"lazy\" decoding=\"async\" width=\"480\" height=\"674\" src=\"https:\/\/raulavellaneda.de\/wp-content\/uploads\/web-IMG_0640-245-x-35-.jpg\" alt=\"\" class=\"wp-image-3710\" srcset=\"https:\/\/raulavellaneda.de\/wp-content\/uploads\/web-IMG_0640-245-x-35-.jpg 480w, https:\/\/raulavellaneda.de\/wp-content\/uploads\/web-IMG_0640-245-x-35--214x300.jpg 214w\" sizes=\"auto, (max-width: 480px) 85vw, 480px\" \/><figcaption class=\"wp-element-caption\">Aus dem Zyklus &#8222;Ohnmacht der K\u00f6nige&#8220; IV, Pastellkreide auf Papier, 20,5 x 29,5cm, 1983<\/figcaption><\/figure>\n<\/div>\n<\/div>\n\n\n\n<div style=\"height:100px\" aria-hidden=\"true\" class=\"wp-block-spacer\"><\/div>\n\n\n<div class=\"wp-block-image\">\n<figure class=\"aligncenter size-full\"><img loading=\"lazy\" decoding=\"async\" width=\"480\" height=\"485\" src=\"https:\/\/raulavellaneda.de\/wp-content\/uploads\/web-IMG_0641-34-x-343-.jpg\" alt=\"\" class=\"wp-image-3711\" srcset=\"https:\/\/raulavellaneda.de\/wp-content\/uploads\/web-IMG_0641-34-x-343-.jpg 480w, https:\/\/raulavellaneda.de\/wp-content\/uploads\/web-IMG_0641-34-x-343--297x300.jpg 297w\" sizes=\"auto, (max-width: 480px) 85vw, 480px\" \/><figcaption class=\"wp-element-caption\">Aus dem Zyklus &#8222;Ohnmacht der K\u00f6nige&#8220; V, Pastellkreide auf Papier, 34 x 34,3cm, 1983<\/figcaption><\/figure>\n<\/div>\n\n\n<div style=\"height:120px\" aria-hidden=\"true\" class=\"wp-block-spacer\"><\/div>\n\n\n\n<div class=\"wp-block-columns is-layout-flex wp-container-core-columns-is-layout-9d6595d7 wp-block-columns-is-layout-flex\">\n<div class=\"wp-block-column is-layout-flow wp-block-column-is-layout-flow\">\n<figure class=\"wp-block-image size-full\"><img loading=\"lazy\" decoding=\"async\" width=\"480\" height=\"667\" src=\"https:\/\/raulavellaneda.de\/wp-content\/uploads\/web-IMG_0646-21-x-296-.jpg\" alt=\"\" class=\"wp-image-3712\" srcset=\"https:\/\/raulavellaneda.de\/wp-content\/uploads\/web-IMG_0646-21-x-296-.jpg 480w, https:\/\/raulavellaneda.de\/wp-content\/uploads\/web-IMG_0646-21-x-296--216x300.jpg 216w\" sizes=\"auto, (max-width: 480px) 85vw, 480px\" \/><figcaption class=\"wp-element-caption\">Aus dem Zyklus &#8222;Ohnmacht der K\u00f6nige&#8220; VI, Pastellkreide auf Papier, 21 x 29,6cm, 1983<\/figcaption><\/figure>\n<\/div>\n\n\n\n<div class=\"wp-block-column is-layout-flow wp-block-column-is-layout-flow\">\n<figure class=\"wp-block-image size-full\"><img loading=\"lazy\" decoding=\"async\" width=\"480\" height=\"669\" src=\"https:\/\/raulavellaneda.de\/wp-content\/uploads\/web-IMG_0661-2.jpg\" alt=\"\" class=\"wp-image-3713\" srcset=\"https:\/\/raulavellaneda.de\/wp-content\/uploads\/web-IMG_0661-2.jpg 480w, https:\/\/raulavellaneda.de\/wp-content\/uploads\/web-IMG_0661-2-215x300.jpg 215w\" sizes=\"auto, (max-width: 480px) 85vw, 480px\" \/><figcaption class=\"wp-element-caption\">Aus dem Zyklus &#8222;Ohnmacht der K\u00f6nige&#8220; VII, Pastellkreide auf Papier, 20,5 x 29,5cm, 1983<\/figcaption><\/figure>\n<\/div>\n<\/div>\n\n\n\n<div style=\"height:120px\" aria-hidden=\"true\" class=\"wp-block-spacer\"><\/div>\n\n\n\n<div class=\"wp-block-columns is-layout-flex wp-container-core-columns-is-layout-9d6595d7 wp-block-columns-is-layout-flex\">\n<div class=\"wp-block-column is-layout-flow wp-block-column-is-layout-flow\">\n<figure class=\"wp-block-image size-full\"><img loading=\"lazy\" decoding=\"async\" width=\"480\" height=\"668\" src=\"https:\/\/raulavellaneda.de\/wp-content\/uploads\/web-IMG_0649-216-x-305-.jpg\" alt=\"\" class=\"wp-image-3717\" style=\"object-fit:cover\" srcset=\"https:\/\/raulavellaneda.de\/wp-content\/uploads\/web-IMG_0649-216-x-305-.jpg 480w, https:\/\/raulavellaneda.de\/wp-content\/uploads\/web-IMG_0649-216-x-305--216x300.jpg 216w\" sizes=\"auto, (max-width: 480px) 85vw, 480px\" \/><figcaption class=\"wp-element-caption\">Aus dem Zyklus &#8222;Ohnmacht der K\u00f6nige&#8220; XI, Pastellkreide auf Papier, 21,6 x 30,5cm, 1983<\/figcaption><\/figure>\n<\/div>\n\n\n\n<div class=\"wp-block-column is-layout-flow wp-block-column-is-layout-flow\">\n<figure class=\"wp-block-image size-full\"><img loading=\"lazy\" decoding=\"async\" width=\"480\" height=\"760\" src=\"https:\/\/raulavellaneda.de\/wp-content\/uploads\/web-IMG_0650-17-x-275-.jpg\" alt=\"\" class=\"wp-image-3718\" style=\"object-fit:cover\" srcset=\"https:\/\/raulavellaneda.de\/wp-content\/uploads\/web-IMG_0650-17-x-275-.jpg 480w, https:\/\/raulavellaneda.de\/wp-content\/uploads\/web-IMG_0650-17-x-275--189x300.jpg 189w\" sizes=\"auto, (max-width: 480px) 85vw, 480px\" \/><figcaption class=\"wp-element-caption\">Aus dem Zyklus &#8222;Ohnmacht der K\u00f6nige&#8220; XII, Pastellkreide auf Papier, 17 x 27,5cm, 1983<\/figcaption><\/figure>\n<\/div>\n<\/div>\n\n\n\n<div style=\"height:120px\" aria-hidden=\"true\" class=\"wp-block-spacer\"><\/div>\n\n\n\n<figure class=\"wp-block-image size-full\"><img loading=\"lazy\" decoding=\"async\" width=\"840\" height=\"594\" src=\"https:\/\/raulavellaneda.de\/wp-content\/uploads\/web-IMG_0653-305-x-215-.jpg\" alt=\"\" class=\"wp-image-3719\" srcset=\"https:\/\/raulavellaneda.de\/wp-content\/uploads\/web-IMG_0653-305-x-215-.jpg 840w, https:\/\/raulavellaneda.de\/wp-content\/uploads\/web-IMG_0653-305-x-215--300x212.jpg 300w, https:\/\/raulavellaneda.de\/wp-content\/uploads\/web-IMG_0653-305-x-215--768x543.jpg 768w\" sizes=\"auto, (max-width: 709px) 85vw, (max-width: 909px) 67vw, (max-width: 1362px) 62vw, 840px\" \/><figcaption class=\"wp-element-caption\">Aus dem Zyklus &#8222;Ohnmacht der K\u00f6nige&#8220; XIII, Pastellkreide auf Papier, 30,5 x 21,5cm, 1983<\/figcaption><\/figure>\n\n\n\n<div style=\"height:120px\" aria-hidden=\"true\" class=\"wp-block-spacer\"><\/div>\n\n\n<div class=\"wp-block-image\">\n<figure class=\"aligncenter size-full\"><img loading=\"lazy\" decoding=\"async\" width=\"480\" height=\"597\" src=\"https:\/\/raulavellaneda.de\/wp-content\/uploads\/web-IMG_0643-30-x-373-.jpg\" alt=\"\" class=\"wp-image-3714\" srcset=\"https:\/\/raulavellaneda.de\/wp-content\/uploads\/web-IMG_0643-30-x-373-.jpg 480w, https:\/\/raulavellaneda.de\/wp-content\/uploads\/web-IMG_0643-30-x-373--241x300.jpg 241w\" sizes=\"auto, (max-width: 480px) 85vw, 480px\" \/><figcaption class=\"wp-element-caption\">Aus dem Zyklus &#8222;Ohnmacht der K\u00f6nige&#8220; VIII, `Der Kampf mit der Heilige Rosa von Lima\u00b4 I, Pastellkreide auf Papier, 30 x 37,3cm, 1983<\/figcaption><\/figure>\n<\/div>\n\n\n<div style=\"height:120px\" aria-hidden=\"true\" class=\"wp-block-spacer\"><\/div>\n\n\n<div class=\"wp-block-image\">\n<figure class=\"aligncenter size-full is-resized\"><img loading=\"lazy\" decoding=\"async\" width=\"840\" height=\"688\" src=\"https:\/\/raulavellaneda.de\/wp-content\/uploads\/web-IMG_0642-375-x-303-.jpg\" alt=\"\" class=\"wp-image-3715\" style=\"width:749px;height:auto\" srcset=\"https:\/\/raulavellaneda.de\/wp-content\/uploads\/web-IMG_0642-375-x-303-.jpg 840w, https:\/\/raulavellaneda.de\/wp-content\/uploads\/web-IMG_0642-375-x-303--300x246.jpg 300w, https:\/\/raulavellaneda.de\/wp-content\/uploads\/web-IMG_0642-375-x-303--768x629.jpg 768w\" sizes=\"auto, (max-width: 709px) 85vw, (max-width: 909px) 67vw, (max-width: 1362px) 62vw, 840px\" \/><figcaption class=\"wp-element-caption\">Aus dem Zyklus &#8222;Ohnmacht der K\u00f6nige&#8220; IX, `Der Kampf mit der Heilige Rosa von Lima\u00b4 II, Pastellkreide auf Papier,, Pastellkreide auf Papier, 37,5 x 30,3cm, 1983<\/figcaption><\/figure>\n<\/div>\n\n\n<div style=\"height:120px\" aria-hidden=\"true\" class=\"wp-block-spacer\"><\/div>\n\n\n<div class=\"wp-block-image\">\n<figure class=\"aligncenter size-full\"><img loading=\"lazy\" decoding=\"async\" width=\"480\" height=\"614\" src=\"https:\/\/raulavellaneda.de\/wp-content\/uploads\/web-IMG_0636-345-x-445-.jpg\" alt=\"\" class=\"wp-image-3716\" srcset=\"https:\/\/raulavellaneda.de\/wp-content\/uploads\/web-IMG_0636-345-x-445-.jpg 480w, https:\/\/raulavellaneda.de\/wp-content\/uploads\/web-IMG_0636-345-x-445--235x300.jpg 235w\" sizes=\"auto, (max-width: 480px) 85vw, 480px\" \/><figcaption class=\"wp-element-caption\">Aus dem Zyklus &#8222;Ohnmacht der K\u00f6nige&#8220; X, `Der Kampf mit der Heilige Rosa von Lima\u00b4, Pastellkreide auf Papier III, Pastellkreide auf Papier, 34,5 x 44,5cm, 1983<\/figcaption><\/figure>\n<\/div>\n\n\n<div style=\"height:120px\" aria-hidden=\"true\" class=\"wp-block-spacer\"><\/div>\n\n\n<div class=\"wp-block-image\">\n<figure class=\"aligncenter size-large\"><img loading=\"lazy\" decoding=\"async\" width=\"810\" height=\"1024\" src=\"https:\/\/raulavellaneda.de\/wp-content\/uploads\/web-IMG_0877-810x1024.jpg\" alt=\"\" class=\"wp-image-4146\" srcset=\"https:\/\/raulavellaneda.de\/wp-content\/uploads\/web-IMG_0877-810x1024.jpg 810w, https:\/\/raulavellaneda.de\/wp-content\/uploads\/web-IMG_0877-237x300.jpg 237w, https:\/\/raulavellaneda.de\/wp-content\/uploads\/web-IMG_0877-768x971.jpg 768w, https:\/\/raulavellaneda.de\/wp-content\/uploads\/web-IMG_0877.jpg 840w\" sizes=\"auto, (max-width: 810px) 85vw, 810px\" \/><figcaption class=\"wp-element-caption\">&#8222;Rosita, Rosita de mi coraz\u00f3n&#8220; (R\u00f6slein, R\u00f6slein meines Herzens), Pastellkreide auf Papier, 68,5 x 88 cm, 1983<\/figcaption><\/figure>\n<\/div>\n\n\n<div style=\"height:120px\" aria-hidden=\"true\" class=\"wp-block-spacer\"><\/div>\n\n\n<div class=\"wp-block-image\">\n<figure class=\"aligncenter size-full\"><img loading=\"lazy\" decoding=\"async\" width=\"480\" height=\"946\" src=\"https:\/\/raulavellaneda.de\/wp-content\/uploads\/web-IMG_0884.jpg\" alt=\"\" class=\"wp-image-4147\" srcset=\"https:\/\/raulavellaneda.de\/wp-content\/uploads\/web-IMG_0884.jpg 480w, https:\/\/raulavellaneda.de\/wp-content\/uploads\/web-IMG_0884-152x300.jpg 152w\" sizes=\"auto, (max-width: 480px) 85vw, 480px\" \/><figcaption class=\"wp-element-caption\">&#8222;Te regalo mi amor&#8220; (Ich schenke Dir meine Liebe), Pastellkreide auf Papier, 58 x 117,5 cm, 1983<\/figcaption><\/figure>\n<\/div>\n\n\n<div style=\"height:120px\" aria-hidden=\"true\" class=\"wp-block-spacer\"><\/div>\n\n\n\n<div style=\"height:10px\" aria-hidden=\"true\" class=\"wp-block-spacer\"><\/div>\n\n\n<div class=\"wp-block-image\">\n<figure class=\"aligncenter size-full is-resized\"><img loading=\"lazy\" decoding=\"async\" width=\"2560\" height=\"1543\" src=\"https:\/\/raulavellaneda.de\/wp-content\/uploads\/web-besserIMG_0902-scaled.jpg\" alt=\"\" class=\"wp-image-4971\" style=\"width:832px;height:auto\" srcset=\"https:\/\/raulavellaneda.de\/wp-content\/uploads\/web-besserIMG_0902-scaled.jpg 2560w, https:\/\/raulavellaneda.de\/wp-content\/uploads\/web-besserIMG_0902-300x181.jpg 300w, https:\/\/raulavellaneda.de\/wp-content\/uploads\/web-besserIMG_0902-1024x617.jpg 1024w, https:\/\/raulavellaneda.de\/wp-content\/uploads\/web-besserIMG_0902-768x463.jpg 768w, https:\/\/raulavellaneda.de\/wp-content\/uploads\/web-besserIMG_0902-1536x926.jpg 1536w, https:\/\/raulavellaneda.de\/wp-content\/uploads\/web-besserIMG_0902-2048x1234.jpg 2048w, https:\/\/raulavellaneda.de\/wp-content\/uploads\/web-besserIMG_0902-1200x723.jpg 1200w\" sizes=\"auto, (max-width: 709px) 85vw, (max-width: 909px) 67vw, (max-width: 1362px) 62vw, 840px\" \/><figcaption class=\"wp-element-caption\">&#8222;Mam\u00e1 de mi coraz\u00f3n&#8220; (Meine geliebte Mutter), \u00d6lkreide auf Karton, 80 x 48,5cm, 1983<\/figcaption><\/figure>\n<\/div>\n\n\n<p class=\"has-text-align-center has-medium-font-size\"><a href=\"https:\/\/raulavellaneda.de\/?page_id=1337\">Werke<\/a><\/p>\n","protected":false},"excerpt":{"rendered":"<p>In der Pastellserie &#8220; Ohnmacht der K\u00f6nige&#8220;, verarbeitete ich den inneren Kampf, dem die homosexuellen M\u00e4nner in Lima, in den siebziger Jahren, ausgesetzt waren. Die K\u00f6nige wurden von heiligen Geistern verfolgt und gequ\u00e4lt, der Saft des Lebens sollte verschwendet werden, um erb\u00e4rmlich zu verenden. Werke<\/p>\n","protected":false},"author":1,"featured_media":0,"parent":0,"menu_order":0,"comment_status":"closed","ping_status":"closed","template":"","meta":{"footnotes":""},"class_list":["post-2174","page","type-page","status-publish","hentry"],"_links":{"self":[{"href":"https:\/\/raulavellaneda.de\/index.php?rest_route=\/wp\/v2\/pages\/2174","targetHints":{"allow":["GET"]}}],"collection":[{"href":"https:\/\/raulavellaneda.de\/index.php?rest_route=\/wp\/v2\/pages"}],"about":[{"href":"https:\/\/raulavellaneda.de\/index.php?rest_route=\/wp\/v2\/types\/page"}],"author":[{"embeddable":true,"href":"https:\/\/raulavellaneda.de\/index.php?rest_route=\/wp\/v2\/users\/1"}],"replies":[{"embeddable":true,"href":"https:\/\/raulavellaneda.de\/index.php?rest_route=%2Fwp%2Fv2%2Fcomments&post=2174"}],"version-history":[{"count":45,"href":"https:\/\/raulavellaneda.de\/index.php?rest_route=\/wp\/v2\/pages\/2174\/revisions"}],"predecessor-version":[{"id":4974,"href":"https:\/\/raulavellaneda.de\/index.php?rest_route=\/wp\/v2\/pages\/2174\/revisions\/4974"}],"wp:attachment":[{"href":"https:\/\/raulavellaneda.de\/index.php?rest_route=%2Fwp%2Fv2%2Fmedia&parent=2174"}],"curies":[{"name":"wp","href":"https:\/\/api.w.org\/{rel}","templated":true}]}}