{"id":1337,"date":"2023-11-15T19:06:46","date_gmt":"2023-11-15T18:06:46","guid":{"rendered":"https:\/\/raulavellaneda.de\/?page_id=1337"},"modified":"2026-01-07T16:20:48","modified_gmt":"2026-01-07T15:20:48","slug":"werke-2","status":"publish","type":"page","link":"https:\/\/raulavellaneda.de\/?page_id=1337","title":{"rendered":"Werke"},"content":{"rendered":"\n<div style=\"height:100px\" aria-hidden=\"true\" class=\"wp-block-spacer\"><\/div>\n\n\n\n<div class=\"wp-block-media-text is-stacked-on-mobile\" style=\"grid-template-columns:34% auto\"><figure class=\"wp-block-media-text__media\"><img loading=\"lazy\" decoding=\"async\" width=\"804\" height=\"1024\" src=\"https:\/\/raulavellaneda.de\/wp-content\/uploads\/IMG_0600-804x1024.jpg\" alt=\"\" class=\"wp-image-1349 size-full\" srcset=\"https:\/\/raulavellaneda.de\/wp-content\/uploads\/IMG_0600-804x1024.jpg 804w, https:\/\/raulavellaneda.de\/wp-content\/uploads\/IMG_0600-235x300.jpg 235w, https:\/\/raulavellaneda.de\/wp-content\/uploads\/IMG_0600-768x979.jpg 768w, https:\/\/raulavellaneda.de\/wp-content\/uploads\/IMG_0600-1206x1536.jpg 1206w, https:\/\/raulavellaneda.de\/wp-content\/uploads\/IMG_0600-1607x2048.jpg 1607w, https:\/\/raulavellaneda.de\/wp-content\/uploads\/IMG_0600-1200x1529.jpg 1200w, https:\/\/raulavellaneda.de\/wp-content\/uploads\/IMG_0600.jpg 1740w\" sizes=\"auto, (max-width: 804px) 85vw, 804px\" \/><\/figure><div class=\"wp-block-media-text__content\">\n<p class=\"has-medium-font-size\"><a href=\"https:\/\/raulavellaneda.de\/?page_id=1606\">&#8222;Dina und Donald&#8220;<\/a><\/p>\n\n\n\n<p><em>Assemblagen \u00fcber die politische Situation in Peru und den USA<\/em><\/p>\n<\/div><\/div>\n\n\n\n<div style=\"height:120px\" aria-hidden=\"true\" class=\"wp-block-spacer\"><\/div>\n\n\n\n<div class=\"wp-block-media-text is-stacked-on-mobile\" style=\"grid-template-columns:34% auto\"><figure class=\"wp-block-media-text__media\"><img loading=\"lazy\" decoding=\"async\" width=\"840\" height=\"702\" src=\"https:\/\/raulavellaneda.de\/wp-content\/uploads\/web-IMG_0699.jpg\" alt=\"\" class=\"wp-image-1378 size-full\" srcset=\"https:\/\/raulavellaneda.de\/wp-content\/uploads\/web-IMG_0699.jpg 840w, https:\/\/raulavellaneda.de\/wp-content\/uploads\/web-IMG_0699-300x251.jpg 300w, https:\/\/raulavellaneda.de\/wp-content\/uploads\/web-IMG_0699-768x642.jpg 768w\" sizes=\"auto, (max-width: 709px) 85vw, (max-width: 909px) 67vw, (max-width: 1362px) 62vw, 840px\" \/><\/figure><div class=\"wp-block-media-text__content\">\n<p class=\"has-medium-font-size\"><a href=\"https:\/\/raulavellaneda.de\/?page_id=1632\">&#8222;Kind, versprich mir, dass du dich erschie\u00dft&#8220;<\/a><\/p>\n\n\n\n<p><em>Assemblagen und Collagen \u00fcber den Selbstmord von Kindern<\/em><\/p>\n<\/div><\/div>\n\n\n\n<div style=\"height:120px\" aria-hidden=\"true\" class=\"wp-block-spacer\"><\/div>\n\n\n\n<div class=\"wp-block-media-text is-stacked-on-mobile\" style=\"grid-template-columns:34% auto\"><figure class=\"wp-block-media-text__media\"><img loading=\"lazy\" decoding=\"async\" width=\"480\" height=\"642\" src=\"https:\/\/raulavellaneda.de\/wp-content\/uploads\/web-Neu-IMG_0226.jpg\" alt=\"\" class=\"wp-image-2591 size-full\" srcset=\"https:\/\/raulavellaneda.de\/wp-content\/uploads\/web-Neu-IMG_0226.jpg 480w, https:\/\/raulavellaneda.de\/wp-content\/uploads\/web-Neu-IMG_0226-224x300.jpg 224w\" sizes=\"auto, (max-width: 480px) 85vw, 480px\" \/><\/figure><div class=\"wp-block-media-text__content\">\n<p class=\"has-medium-font-size\"><a href=\"https:\/\/raulavellaneda.de\/?page_id=983\">&#8222;Zum Schweigen gebrachten Litaneien&#8220; <\/a><\/p>\n\n\n\n<p><em>Assemblagen \u00fcber Kindheit, Familie, Glaube und Gesellschaft<\/em><\/p>\n<\/div><\/div>\n\n\n\n<div style=\"height:120px\" aria-hidden=\"true\" class=\"wp-block-spacer\"><\/div>\n\n\n\n<div class=\"wp-block-media-text is-stacked-on-mobile\" style=\"grid-template-columns:34% auto\"><figure class=\"wp-block-media-text__media\"><img loading=\"lazy\" decoding=\"async\" width=\"480\" height=\"918\" src=\"https:\/\/raulavellaneda.de\/wp-content\/uploads\/web-IMG_0710.jpg\" alt=\"\" class=\"wp-image-1372 size-full\" srcset=\"https:\/\/raulavellaneda.de\/wp-content\/uploads\/web-IMG_0710.jpg 480w, https:\/\/raulavellaneda.de\/wp-content\/uploads\/web-IMG_0710-157x300.jpg 157w\" sizes=\"auto, (max-width: 480px) 85vw, 480px\" \/><\/figure><div class=\"wp-block-media-text__content\">\n<p class=\"has-medium-font-size\"><a href=\"https:\/\/raulavellaneda.de\/?page_id=1285\">&#8222;Tr\u00e4ume des Papstes&#8220;<\/a><\/p>\n\n\n\n<p><em>Objekte und Collagen zum Leben des Papstes Johannes Paul II<\/em><\/p>\n<\/div><\/div>\n\n\n\n<div style=\"height:120px\" aria-hidden=\"true\" class=\"wp-block-spacer\"><\/div>\n\n\n\n<div class=\"wp-block-media-text is-stacked-on-mobile\" style=\"grid-template-columns:44% auto\"><figure class=\"wp-block-media-text__media\"><img loading=\"lazy\" decoding=\"async\" width=\"840\" height=\"544\" src=\"https:\/\/raulavellaneda.de\/wp-content\/uploads\/web-2-19-2024_009-1.jpg\" alt=\"\" class=\"wp-image-4350 size-full\" srcset=\"https:\/\/raulavellaneda.de\/wp-content\/uploads\/web-2-19-2024_009-1.jpg 840w, https:\/\/raulavellaneda.de\/wp-content\/uploads\/web-2-19-2024_009-1-300x194.jpg 300w, https:\/\/raulavellaneda.de\/wp-content\/uploads\/web-2-19-2024_009-1-768x497.jpg 768w\" sizes=\"auto, (max-width: 709px) 85vw, (max-width: 909px) 67vw, (max-width: 1362px) 62vw, 840px\" \/><\/figure><div class=\"wp-block-media-text__content\">\n<p class=\"has-medium-font-size\"><a href=\"https:\/\/raulavellaneda.de\/?page_id=5056\">&#8222;Portrait eines Generals&#8220;<\/a><\/p>\n\n\n\n<p><em>Fotoaktion mit einem ehemaligen peruanischen General<\/em><\/p>\n\n\n\n<div style=\"height:100px\" aria-hidden=\"true\" class=\"wp-block-spacer\"><\/div>\n<\/div><\/div>\n\n\n\n<div style=\"height:120px\" aria-hidden=\"true\" class=\"wp-block-spacer\"><\/div>\n\n\n\n<div class=\"wp-block-media-text is-stacked-on-mobile\" style=\"grid-template-columns:34% auto\"><figure class=\"wp-block-media-text__media\"><img loading=\"lazy\" decoding=\"async\" width=\"500\" height=\"723\" src=\"https:\/\/raulavellaneda.de\/wp-content\/uploads\/web-008-1-2.jpg\" alt=\"\" class=\"wp-image-5372 size-full\" srcset=\"https:\/\/raulavellaneda.de\/wp-content\/uploads\/web-008-1-2.jpg 500w, https:\/\/raulavellaneda.de\/wp-content\/uploads\/web-008-1-2-207x300.jpg 207w\" sizes=\"auto, (max-width: 500px) 85vw, 500px\" \/><\/figure><div class=\"wp-block-media-text__content\">\n<p class=\"has-medium-font-size\"><a href=\"https:\/\/raulavellaneda.de\/?page_id=5337\">&#8222;Das Unbefleckte Empf\u00e4ngnis&#8220;<\/a><\/p>\n<\/div><\/div>\n\n\n\n<div style=\"height:120px\" aria-hidden=\"true\" class=\"wp-block-spacer\"><\/div>\n\n\n\n<div class=\"wp-block-media-text is-stacked-on-mobile\" style=\"grid-template-columns:34% auto\"><figure class=\"wp-block-media-text__media\"><img loading=\"lazy\" decoding=\"async\" width=\"480\" height=\"667\" src=\"https:\/\/raulavellaneda.de\/wp-content\/uploads\/web-IMG_8089-3.jpg\" alt=\"\" class=\"wp-image-3179 size-full\" srcset=\"https:\/\/raulavellaneda.de\/wp-content\/uploads\/web-IMG_8089-3.jpg 480w, https:\/\/raulavellaneda.de\/wp-content\/uploads\/web-IMG_8089-3-216x300.jpg 216w\" sizes=\"auto, (max-width: 480px) 85vw, 480px\" \/><\/figure><div class=\"wp-block-media-text__content\">\n<p class=\"has-medium-font-size\"><a href=\"https:\/\/raulavellaneda.de\/?page_id=1549\">&nbsp;&#8222;Wachtr\u00e4ume&#8220;<\/a><\/p>\n\n\n\n<p><em>Arbeiten mit Acryl \u00fcber die Wachtr\u00e4ume<\/em><\/p>\n<\/div><\/div>\n\n\n\n<div style=\"height:120px\" aria-hidden=\"true\" class=\"wp-block-spacer\"><\/div>\n\n\n\n<div class=\"wp-block-media-text is-stacked-on-mobile\" style=\"grid-template-columns:44% auto\"><figure class=\"wp-block-media-text__media\"><img loading=\"lazy\" decoding=\"async\" width=\"840\" height=\"544\" src=\"https:\/\/raulavellaneda.de\/wp-content\/uploads\/web-10099-1.jpg\" alt=\"\" class=\"wp-image-2985 size-full\" srcset=\"https:\/\/raulavellaneda.de\/wp-content\/uploads\/web-10099-1.jpg 840w, https:\/\/raulavellaneda.de\/wp-content\/uploads\/web-10099-1-300x194.jpg 300w, https:\/\/raulavellaneda.de\/wp-content\/uploads\/web-10099-1-768x497.jpg 768w\" sizes=\"auto, (max-width: 709px) 85vw, (max-width: 909px) 67vw, (max-width: 1362px) 62vw, 840px\" \/><\/figure><div class=\"wp-block-media-text__content\">\n<p class=\"has-medium-font-size\"><a href=\"https:\/\/raulavellaneda.de\/?page_id=1485\">&#8222;Carita punteada&#8220;<\/a><\/p>\n\n\n\n<p><em>Aktion \u00fcber den Kampf zwischen Eros und Thanatos auf dem Friedhof Santa Eulalia in Chosica, Peru<\/em><\/p>\n\n\n\n<div style=\"height:100px\" aria-hidden=\"true\" class=\"wp-block-spacer\"><\/div>\n<\/div><\/div>\n\n\n\n<div style=\"height:120px\" aria-hidden=\"true\" class=\"wp-block-spacer\"><\/div>\n\n\n\n<div class=\"wp-block-media-text is-stacked-on-mobile\" style=\"grid-template-columns:34% auto\"><figure class=\"wp-block-media-text__media\"><img loading=\"lazy\" decoding=\"async\" width=\"480\" height=\"661\" src=\"https:\/\/raulavellaneda.de\/wp-content\/uploads\/web-IMG_9755-neu-1-1.jpg\" alt=\"\" class=\"wp-image-2805 size-full\" srcset=\"https:\/\/raulavellaneda.de\/wp-content\/uploads\/web-IMG_9755-neu-1-1.jpg 480w, https:\/\/raulavellaneda.de\/wp-content\/uploads\/web-IMG_9755-neu-1-1-218x300.jpg 218w\" sizes=\"auto, (max-width: 480px) 85vw, 480px\" \/><\/figure><div class=\"wp-block-media-text__content\">\n<p class=\"has-medium-font-size\"><a href=\"https:\/\/raulavellaneda.de\/?page_id=2353\">&#8222;Die Wirklichkeit und das Verlangen&#8220;<\/a><\/p>\n\n\n\n<p><em>Collagenserie \u00fcber Gedichte von Luis Cernuda <\/em><\/p>\n<\/div><\/div>\n\n\n\n<div style=\"height:120px\" aria-hidden=\"true\" class=\"wp-block-spacer\"><\/div>\n\n\n\n<div class=\"wp-block-media-text is-stacked-on-mobile\" style=\"grid-template-columns:44% auto\"><figure class=\"wp-block-media-text__media\"><img loading=\"lazy\" decoding=\"async\" width=\"900\" height=\"723\" src=\"https:\/\/raulavellaneda.de\/wp-content\/uploads\/web-0b-.jpg\" alt=\"\" class=\"wp-image-5284 size-full\" srcset=\"https:\/\/raulavellaneda.de\/wp-content\/uploads\/web-0b-.jpg 900w, https:\/\/raulavellaneda.de\/wp-content\/uploads\/web-0b--300x241.jpg 300w, https:\/\/raulavellaneda.de\/wp-content\/uploads\/web-0b--768x617.jpg 768w\" sizes=\"auto, (max-width: 709px) 85vw, (max-width: 909px) 67vw, (max-width: 1362px) 62vw, 840px\" \/><\/figure><div class=\"wp-block-media-text__content\">\n<p class=\"has-medium-font-size\"><a href=\"https:\/\/raulavellaneda.de\/?page_id=5286\">&#8222;S\u00fcnden&#8220;<\/a><\/p>\n<\/div><\/div>\n\n\n\n<div style=\"height:120px\" aria-hidden=\"true\" class=\"wp-block-spacer\"><\/div>\n\n\n\n<div class=\"wp-block-media-text is-stacked-on-mobile\" style=\"grid-template-columns:34% auto\"><figure class=\"wp-block-media-text__media\"><img loading=\"lazy\" decoding=\"async\" width=\"471\" height=\"660\" src=\"https:\/\/raulavellaneda.de\/wp-content\/uploads\/web-angel-de-la-guardaIMG_0286-4.jpg\" alt=\"\" class=\"wp-image-4163 size-full\" srcset=\"https:\/\/raulavellaneda.de\/wp-content\/uploads\/web-angel-de-la-guardaIMG_0286-4.jpg 471w, https:\/\/raulavellaneda.de\/wp-content\/uploads\/web-angel-de-la-guardaIMG_0286-4-214x300.jpg 214w\" sizes=\"auto, (max-width: 471px) 85vw, 471px\" \/><\/figure><div class=\"wp-block-media-text__content\">\n<p class=\"has-medium-font-size\"><a href=\"https:\/\/raulavellaneda.de\/?page_id=119\">&#8222;F\u00fcr ein kaum gestorbenes Kind&#8220;<\/a><\/p>\n\n\n\n<p><em>Pastellserie \u00fcber Kindergeschichten und Gebete <\/em><\/p>\n<\/div><\/div>\n\n\n\n<div style=\"height:120px\" aria-hidden=\"true\" class=\"wp-block-spacer\"><\/div>\n\n\n\n<div class=\"wp-block-media-text is-stacked-on-mobile\" style=\"grid-template-columns:34% auto\"><figure class=\"wp-block-media-text__media\"><img loading=\"lazy\" decoding=\"async\" width=\"500\" height=\"634\" src=\"https:\/\/raulavellaneda.de\/wp-content\/uploads\/web-1-1-1.jpg\" alt=\"\" class=\"wp-image-5387 size-full\" srcset=\"https:\/\/raulavellaneda.de\/wp-content\/uploads\/web-1-1-1.jpg 500w, https:\/\/raulavellaneda.de\/wp-content\/uploads\/web-1-1-1-237x300.jpg 237w\" sizes=\"auto, (max-width: 500px) 85vw, 500px\" \/><\/figure><div class=\"wp-block-media-text__content\">\n<p><a href=\"https:\/\/raulavellaneda.de\/?page_id=5378\">&#8222;Caritas Blancas&#8220;<\/a><\/p>\n<\/div><\/div>\n\n\n\n<div style=\"height:120px\" aria-hidden=\"true\" class=\"wp-block-spacer\"><\/div>\n\n\n\n<div class=\"wp-block-media-text is-stacked-on-mobile\" style=\"grid-template-columns:34% auto\"><figure class=\"wp-block-media-text__media\"><img loading=\"lazy\" decoding=\"async\" width=\"480\" height=\"741\" src=\"https:\/\/raulavellaneda.de\/wp-content\/uploads\/web-6-2.jpg\" alt=\"\" class=\"wp-image-2994 size-full\" srcset=\"https:\/\/raulavellaneda.de\/wp-content\/uploads\/web-6-2.jpg 480w, https:\/\/raulavellaneda.de\/wp-content\/uploads\/web-6-2-194x300.jpg 194w\" sizes=\"auto, (max-width: 480px) 85vw, 480px\" \/><\/figure><div class=\"wp-block-media-text__content\">\n<p class=\"has-medium-font-size\"><a href=\"https:\/\/raulavellaneda.de\/?page_id=1500\">&#8222;Familienleben&#8220;<\/a><\/p>\n\n\n\n<p><em>Fotoaktion \u00fcber die Unterdr\u00fcckung<\/em><\/p>\n<\/div><\/div>\n\n\n\n<div style=\"height:120px\" aria-hidden=\"true\" class=\"wp-block-spacer\"><\/div>\n\n\n\n<div class=\"wp-block-media-text is-stacked-on-mobile\" style=\"grid-template-columns:34% auto\"><figure class=\"wp-block-media-text__media\"><img loading=\"lazy\" decoding=\"async\" width=\"480\" height=\"613\" src=\"https:\/\/raulavellaneda.de\/wp-content\/uploads\/web-IMG_0237-1.jpg\" alt=\"\" class=\"wp-image-2832 size-full\" srcset=\"https:\/\/raulavellaneda.de\/wp-content\/uploads\/web-IMG_0237-1.jpg 480w, https:\/\/raulavellaneda.de\/wp-content\/uploads\/web-IMG_0237-1-235x300.jpg 235w\" sizes=\"auto, (max-width: 480px) 85vw, 480px\" \/><\/figure><div class=\"wp-block-media-text__content\">\n<p class=\"has-medium-font-size\"><a href=\"https:\/\/raulavellaneda.de\/?page_id=2836\">&#8222;Portrait meines Vaters&#8220;<\/a><\/p>\n\n\n\n<p><em>Assemblagen \u00fcber das Gesicht des Vaters<\/em><\/p>\n<\/div><\/div>\n\n\n\n<div style=\"height:120px\" aria-hidden=\"true\" class=\"wp-block-spacer\"><\/div>\n\n\n\n<div class=\"wp-block-media-text is-stacked-on-mobile\" style=\"grid-template-columns:34% auto\"><figure class=\"wp-block-media-text__media\"><img loading=\"lazy\" decoding=\"async\" width=\"480\" height=\"609\" src=\"https:\/\/raulavellaneda.de\/wp-content\/uploads\/web-IMG_0782-1.jpg\" alt=\"\" class=\"wp-image-2217 size-full\" srcset=\"https:\/\/raulavellaneda.de\/wp-content\/uploads\/web-IMG_0782-1.jpg 480w, https:\/\/raulavellaneda.de\/wp-content\/uploads\/web-IMG_0782-1-236x300.jpg 236w\" sizes=\"auto, (max-width: 480px) 85vw, 480px\" \/><\/figure><div class=\"wp-block-media-text__content\">\n<p class=\"has-medium-font-size\"><a href=\"https:\/\/raulavellaneda.de\/?page_id=2191\">&#8222;Die Unbefriedigten&#8220;<\/a><\/p>\n\n\n\n<p><em>Zeichnungen und Collagen zur falschen Moral, degeneriertem Glaube, Verfolgung und Folter<\/em><\/p>\n<\/div><\/div>\n\n\n\n<div style=\"height:120px\" aria-hidden=\"true\" class=\"wp-block-spacer\"><\/div>\n\n\n\n<div class=\"wp-block-media-text is-stacked-on-mobile\" style=\"grid-template-columns:34% auto\"><figure class=\"wp-block-media-text__media\"><img loading=\"lazy\" decoding=\"async\" width=\"480\" height=\"628\" src=\"https:\/\/raulavellaneda.de\/wp-content\/uploads\/web-IMG_0683-1.jpg\" alt=\"\" class=\"wp-image-1690 size-full\" srcset=\"https:\/\/raulavellaneda.de\/wp-content\/uploads\/web-IMG_0683-1.jpg 480w, https:\/\/raulavellaneda.de\/wp-content\/uploads\/web-IMG_0683-1-229x300.jpg 229w\" sizes=\"auto, (max-width: 480px) 85vw, 480px\" \/><\/figure><div class=\"wp-block-media-text__content\">\n<p class=\"has-medium-font-size\"><a href=\"https:\/\/raulavellaneda.de\/?page_id=1664\">&#8222;Fenster der Seele&#8220;<\/a><\/p>\n\n\n\n<p><em>Reflexionen \u00fcber K\u00f6pfe von Leonardo da Vinci <\/em><\/p>\n<\/div><\/div>\n\n\n\n<div style=\"height:0px\" aria-hidden=\"true\" class=\"wp-block-spacer\"><\/div>\n\n\n\n<div style=\"height:120px\" aria-hidden=\"true\" class=\"wp-block-spacer\"><\/div>\n\n\n\n<div class=\"wp-block-media-text is-stacked-on-mobile\" style=\"grid-template-columns:34% auto\"><figure class=\"wp-block-media-text__media\"><img loading=\"lazy\" decoding=\"async\" width=\"480\" height=\"741\" src=\"https:\/\/raulavellaneda.de\/wp-content\/uploads\/12-1-5.jpg\" alt=\"\" class=\"wp-image-2999 size-full\" srcset=\"https:\/\/raulavellaneda.de\/wp-content\/uploads\/12-1-5.jpg 480w, https:\/\/raulavellaneda.de\/wp-content\/uploads\/12-1-5-194x300.jpg 194w\" sizes=\"auto, (max-width: 480px) 85vw, 480px\" \/><\/figure><div class=\"wp-block-media-text__content\">\n<p class=\"has-medium-font-size\"><a href=\"https:\/\/raulavellaneda.de\/?page_id=2537\">&#8222;Gatita Carlota&#8220;<\/a><\/p>\n\n\n\n<p><em>Aktion in einer verlassenen Wohnung auf dem Grundst\u00fcck der Grupo Chaclacayo<\/em><\/p>\n<\/div><\/div>\n\n\n\n<div style=\"height:120px\" aria-hidden=\"true\" class=\"wp-block-spacer\"><\/div>\n\n\n\n<div class=\"wp-block-media-text is-stacked-on-mobile\" style=\"grid-template-columns:34% auto\"><figure class=\"wp-block-media-text__media\"><img loading=\"lazy\" decoding=\"async\" width=\"480\" height=\"663\" src=\"https:\/\/raulavellaneda.de\/wp-content\/uploads\/web-IMG_0656-243-x-35-1-1.jpg\" alt=\"\" class=\"wp-image-3721 size-full\" srcset=\"https:\/\/raulavellaneda.de\/wp-content\/uploads\/web-IMG_0656-243-x-35-1-1.jpg 480w, https:\/\/raulavellaneda.de\/wp-content\/uploads\/web-IMG_0656-243-x-35-1-1-217x300.jpg 217w\" sizes=\"auto, (max-width: 480px) 85vw, 480px\" \/><\/figure><div class=\"wp-block-media-text__content\">\n<p class=\"has-medium-font-size\"><a href=\"https:\/\/raulavellaneda.de\/?page_id=2174\">&#8222;Die Ohnmacht der K\u00f6nige&#8220;<\/a><\/p>\n\n\n\n<p><em>Pastell-Arbeiten \u00fcber den inneren Kampf homosexueller M\u00e4nner<\/em><\/p>\n<\/div><\/div>\n\n\n\n<div style=\"height:120px\" aria-hidden=\"true\" class=\"wp-block-spacer\"><\/div>\n\n\n\n<div class=\"wp-block-media-text is-stacked-on-mobile\" style=\"grid-template-columns:34% auto\"><figure class=\"wp-block-media-text__media\"><img loading=\"lazy\" decoding=\"async\" width=\"480\" height=\"677\" src=\"https:\/\/raulavellaneda.de\/wp-content\/uploads\/web-IMG_0865.jpg\" alt=\"\" class=\"wp-image-4151 size-full\" srcset=\"https:\/\/raulavellaneda.de\/wp-content\/uploads\/web-IMG_0865.jpg 480w, https:\/\/raulavellaneda.de\/wp-content\/uploads\/web-IMG_0865-213x300.jpg 213w\" sizes=\"auto, (max-width: 480px) 85vw, 480px\" \/><\/figure><div class=\"wp-block-media-text__content\">\n<p class=\"has-medium-font-size\"><a href=\"https:\/\/raulavellaneda.de\/?page_id=4153\">&#8222;Liebenden Athleten&#8220;<\/a><\/p>\n\n\n\n<p><em>Pastell-Arbeiten \u00fcber die Selbstunterdr\u00fcckung eines Athleten <\/em><\/p>\n<\/div><\/div>\n\n\n\n<div style=\"height:120px\" aria-hidden=\"true\" class=\"wp-block-spacer\"><\/div>\n\n\n\n<div class=\"wp-block-media-text is-stacked-on-mobile\" style=\"grid-template-columns:44% auto\"><figure class=\"wp-block-media-text__media\"><img loading=\"lazy\" decoding=\"async\" width=\"840\" height=\"656\" src=\"https:\/\/raulavellaneda.de\/wp-content\/uploads\/web-IMG_0748-3.jpg\" alt=\"\" class=\"wp-image-2884 size-full\" srcset=\"https:\/\/raulavellaneda.de\/wp-content\/uploads\/web-IMG_0748-3.jpg 840w, https:\/\/raulavellaneda.de\/wp-content\/uploads\/web-IMG_0748-3-300x234.jpg 300w, https:\/\/raulavellaneda.de\/wp-content\/uploads\/web-IMG_0748-3-768x600.jpg 768w\" sizes=\"auto, (max-width: 709px) 85vw, (max-width: 909px) 67vw, (max-width: 1362px) 62vw, 840px\" \/><\/figure><div class=\"wp-block-media-text__content\">\n<p class=\"has-medium-font-size\"><a href=\"https:\/\/raulavellaneda.de\/?page_id=1587\">&#8222;Die Befreiung&#8220; <\/a><\/p>\n\n\n\n<p><em>Gro\u00dfformatige \u00d6lbilder \u00fcber die innere Befreiung<\/em><\/p>\n<\/div><\/div>\n\n\n\n<div style=\"height:120px\" aria-hidden=\"true\" class=\"wp-block-spacer\"><\/div>\n\n\n\n<div class=\"wp-block-media-text is-stacked-on-mobile\" style=\"grid-template-columns:34% auto\"><figure class=\"wp-block-media-text__media\"><img loading=\"lazy\" decoding=\"async\" width=\"480\" height=\"647\" src=\"https:\/\/raulavellaneda.de\/wp-content\/uploads\/web-Familia-linda-1980-Acrilico-sobre-tela-53-x-71cm-4.jpg\" alt=\"\" class=\"wp-image-4996 size-full\" srcset=\"https:\/\/raulavellaneda.de\/wp-content\/uploads\/web-Familia-linda-1980-Acrilico-sobre-tela-53-x-71cm-4.jpg 480w, https:\/\/raulavellaneda.de\/wp-content\/uploads\/web-Familia-linda-1980-Acrilico-sobre-tela-53-x-71cm-4-223x300.jpg 223w\" sizes=\"auto, (max-width: 480px) 85vw, 480px\" \/><\/figure><div class=\"wp-block-media-text__content\">\n<p class=\"has-medium-font-size\"><a href=\"https:\/\/raulavellaneda.de\/?page_id=2008\">Arbeiten aus der Zeit des Studiums<\/a><\/p>\n\n\n\n<p><em>Arbeiten mit \u00d6l und Acryl aus der Zeit des Studiums<\/em><\/p>\n<\/div><\/div>\n\n\n\n<div style=\"height:120px\" aria-hidden=\"true\" class=\"wp-block-spacer\"><\/div>\n\n\n\n<div class=\"wp-block-media-text is-stacked-on-mobile\" style=\"grid-template-columns:34% auto\"><figure class=\"wp-block-media-text__media\"><img loading=\"lazy\" decoding=\"async\" width=\"890\" height=\"1024\" src=\"https:\/\/raulavellaneda.de\/wp-content\/uploads\/web-gut-IMG_2464-1-890x1024.jpg\" alt=\"\" class=\"wp-image-5403 size-full\" srcset=\"https:\/\/raulavellaneda.de\/wp-content\/uploads\/web-gut-IMG_2464-1-890x1024.jpg 890w, https:\/\/raulavellaneda.de\/wp-content\/uploads\/web-gut-IMG_2464-1-261x300.jpg 261w, https:\/\/raulavellaneda.de\/wp-content\/uploads\/web-gut-IMG_2464-1-768x884.jpg 768w, https:\/\/raulavellaneda.de\/wp-content\/uploads\/web-gut-IMG_2464-1.jpg 900w\" sizes=\"auto, (max-width: 709px) 85vw, (max-width: 909px) 67vw, (max-width: 1362px) 62vw, 840px\" \/><\/figure><div class=\"wp-block-media-text__content\">\n<p class=\"has-medium-font-size\"><a href=\"https:\/\/raulavellaneda.de\/?page_id=1761\">Weitere Werke<\/a><\/p>\n\n\n\n<p><em>Unterschiedliche Werke der letzten  Jahren<\/em><\/p>\n<\/div><\/div>\n\n\n\n<div style=\"height:120px\" aria-hidden=\"true\" class=\"wp-block-spacer\"><\/div>\n\n\n\n<div class=\"wp-block-media-text is-stacked-on-mobile\" style=\"grid-template-columns:34% auto\"><figure class=\"wp-block-media-text__media\"><img loading=\"lazy\" decoding=\"async\" width=\"480\" height=\"669\" src=\"https:\/\/raulavellaneda.de\/wp-content\/uploads\/web-IMG_0783-3.jpg\" alt=\"\" class=\"wp-image-2907 size-full\" srcset=\"https:\/\/raulavellaneda.de\/wp-content\/uploads\/web-IMG_0783-3.jpg 480w, https:\/\/raulavellaneda.de\/wp-content\/uploads\/web-IMG_0783-3-215x300.jpg 215w\" sizes=\"auto, (max-width: 480px) 85vw, 480px\" \/><\/figure><div class=\"wp-block-media-text__content\">\n<p class=\"has-medium-font-size\"><a href=\"https:\/\/raulavellaneda.de\/?page_id=756\">Selbstportraits <\/a><\/p>\n\n\n\n<p><em>Selbstbildnisse in unterschiedlichen Techniken von 1976 bis 2024<\/em><\/p>\n<\/div><\/div>\n\n\n\n<div style=\"height:120px\" aria-hidden=\"true\" class=\"wp-block-spacer\"><\/div>\n","protected":false},"excerpt":{"rendered":"<p>&#8222;Dina und Donald&#8220; Assemblagen \u00fcber die politische Situation in Peru und den USA &#8222;Kind, versprich mir, dass du dich erschie\u00dft&#8220; Assemblagen und Collagen \u00fcber den Selbstmord von Kindern &#8222;Zum Schweigen gebrachten Litaneien&#8220; Assemblagen \u00fcber Kindheit, Familie, Glaube und Gesellschaft &#8222;Tr\u00e4ume des Papstes&#8220; Objekte und Collagen zum Leben des Papstes Johannes Paul II &#8222;Das Unbefleckte Empf\u00e4ngnis&#8220; &hellip; <a href=\"https:\/\/raulavellaneda.de\/?page_id=1337\" class=\"more-link\"><span class=\"screen-reader-text\">\u201eWerke\u201c<\/span> weiterlesen<\/a><\/p>\n","protected":false},"author":1,"featured_media":0,"parent":0,"menu_order":0,"comment_status":"closed","ping_status":"closed","template":"","meta":{"footnotes":""},"class_list":["post-1337","page","type-page","status-publish","hentry"],"_links":{"self":[{"href":"https:\/\/raulavellaneda.de\/index.php?rest_route=\/wp\/v2\/pages\/1337","targetHints":{"allow":["GET"]}}],"collection":[{"href":"https:\/\/raulavellaneda.de\/index.php?rest_route=\/wp\/v2\/pages"}],"about":[{"href":"https:\/\/raulavellaneda.de\/index.php?rest_route=\/wp\/v2\/types\/page"}],"author":[{"embeddable":true,"href":"https:\/\/raulavellaneda.de\/index.php?rest_route=\/wp\/v2\/users\/1"}],"replies":[{"embeddable":true,"href":"https:\/\/raulavellaneda.de\/index.php?rest_route=%2Fwp%2Fv2%2Fcomments&post=1337"}],"version-history":[{"count":166,"href":"https:\/\/raulavellaneda.de\/index.php?rest_route=\/wp\/v2\/pages\/1337\/revisions"}],"predecessor-version":[{"id":5405,"href":"https:\/\/raulavellaneda.de\/index.php?rest_route=\/wp\/v2\/pages\/1337\/revisions\/5405"}],"wp:attachment":[{"href":"https:\/\/raulavellaneda.de\/index.php?rest_route=%2Fwp%2Fv2%2Fmedia&parent=1337"}],"curies":[{"name":"wp","href":"https:\/\/api.w.org\/{rel}","templated":true}]}}